{"id":145,"date":"2023-10-16T22:05:06","date_gmt":"2023-10-16T22:05:06","guid":{"rendered":"https:\/\/mesabuitrera.org\/?page_id=145"},"modified":"2026-01-29T21:35:37","modified_gmt":"2026-01-29T21:35:37","slug":"prensa","status":"publish","type":"page","link":"https:\/\/mesabuitrera.org\/index.php\/prensa\/","title":{"rendered":"Prensa"},"content":{"rendered":"\t\t<div data-elementor-type=\"wp-page\" data-elementor-id=\"145\" class=\"elementor elementor-145\" data-elementor-post-type=\"page\">\n\t\t\t\t<div class=\"elementor-element elementor-element-68b041f e-con-full e-flex e-con e-parent\" data-id=\"68b041f\" data-element_type=\"container\" data-e-type=\"container\">\n\t\t<div class=\"elementor-element elementor-element-2318b82 e-con-full e-flex e-con e-child\" data-id=\"2318b82\" data-element_type=\"container\" data-e-type=\"container\">\n\t\t\t\t<div class=\"elementor-element elementor-element-df02999 elementor-widget elementor-widget-heading\" data-id=\"df02999\" data-element_type=\"widget\" data-e-type=\"widget\" data-widget_type=\"heading.default\">\n\t\t\t\t<div class=\"elementor-widget-container\">\n\t\t\t\t\t<h4 class=\"elementor-heading-title elementor-size-default\">Prensa escrita<\/h4>\t\t\t\t<\/div>\n\t\t\t\t<\/div>\n\t\t\t\t<div class=\"elementor-element elementor-element-7678807 elementor-grid-1 elementor-posts--thumbnail-right elementor-grid-tablet-2 elementor-grid-mobile-1 elementor-widget elementor-widget-posts\" data-id=\"7678807\" data-element_type=\"widget\" data-e-type=\"widget\" data-settings=\"{&quot;classic_columns&quot;:&quot;1&quot;,&quot;classic_row_gap&quot;:{&quot;unit&quot;:&quot;px&quot;,&quot;size&quot;:5,&quot;sizes&quot;:[]},&quot;classic_columns_tablet&quot;:&quot;2&quot;,&quot;classic_columns_mobile&quot;:&quot;1&quot;,&quot;classic_row_gap_tablet&quot;:{&quot;unit&quot;:&quot;px&quot;,&quot;size&quot;:&quot;&quot;,&quot;sizes&quot;:[]},&quot;classic_row_gap_mobile&quot;:{&quot;unit&quot;:&quot;px&quot;,&quot;size&quot;:&quot;&quot;,&quot;sizes&quot;:[]}}\" data-widget_type=\"posts.classic\">\n\t\t\t\t<div class=\"elementor-widget-container\">\n\t\t\t\t\t\t\t<div class=\"elementor-posts-container elementor-posts elementor-posts--skin-classic elementor-grid\" role=\"list\">\n\t\t\t\t<article class=\"elementor-post elementor-grid-item post-343 post type-post status-publish format-standard has-post-thumbnail hentry category-prensa-el-pais\" role=\"listitem\">\n\t\t\t\t<a class=\"elementor-post__thumbnail__link\" href=\"https:\/\/mesabuitrera.org\/index.php\/2023\/10\/17\/diario-el-pais-de-cali-corregimiento-de-cali-advirtio-que-impulsara-su-independencia-si-avanza-proyecto-de-estratificacion\/\" tabindex=\"-1\" >\n\t\t\t<div class=\"elementor-post__thumbnail\"><img fetchpriority=\"high\" decoding=\"async\" width=\"645\" height=\"423\" src=\"https:\/\/mesabuitrera.org\/wp-content\/uploads\/2023\/10\/230822-elpais.webp\" class=\"attachment-full size-full wp-image-345\" alt=\"\" srcset=\"https:\/\/mesabuitrera.org\/wp-content\/uploads\/2023\/10\/230822-elpais.webp 645w, https:\/\/mesabuitrera.org\/wp-content\/uploads\/2023\/10\/230822-elpais-300x197.webp 300w\" sizes=\"(max-width: 645px) 100vw, 645px\" \/><\/div>\n\t\t<\/a>\n\t\t\t\t<div class=\"elementor-post__text\">\n\t\t\t\t<h3 class=\"elementor-post__title\">\n\t\t\t<a href=\"https:\/\/mesabuitrera.org\/index.php\/2023\/10\/17\/diario-el-pais-de-cali-corregimiento-de-cali-advirtio-que-impulsara-su-independencia-si-avanza-proyecto-de-estratificacion\/\" >\n\t\t\t\tDiario El Pa\u00eds de Cali: &#8220;Corregimiento de Cali advirti\u00f3 que impulsar\u00e1 su independencia si avanza proyecto de estratificaci\u00f3n&#8221;.\t\t\t<\/a>\n\t\t<\/h3>\n\t\t\t\t<div class=\"elementor-post__meta-data\">\n\t\t\t\t\t<span class=\"elementor-post-date\">\n\t\t\toctubre 17, 2023\t\t<\/span>\n\t\t\t\t<\/div>\n\t\t\t\t<\/div>\n\t\t\t\t<\/article>\n\t\t\t\t<article class=\"elementor-post elementor-grid-item post-333 post type-post status-publish format-standard has-post-thumbnail hentry category-prensa-el-tiempo\" role=\"listitem\">\n\t\t\t\t<a class=\"elementor-post__thumbnail__link\" href=\"https:\/\/mesabuitrera.org\/index.php\/2023\/10\/17\/el-tiempo-corregimiento-caleno-abre-mesa-con-gobierno-y-cvc-por-lios-de-territorio\/\" tabindex=\"-1\" >\n\t\t\t<div class=\"elementor-post__thumbnail\"><img decoding=\"async\" width=\"857\" height=\"491\" src=\"https:\/\/mesabuitrera.org\/wp-content\/uploads\/2023\/10\/el-tiempo-14oct23.png\" class=\"attachment-full size-full wp-image-334\" alt=\"\" srcset=\"https:\/\/mesabuitrera.org\/wp-content\/uploads\/2023\/10\/el-tiempo-14oct23.png 857w, https:\/\/mesabuitrera.org\/wp-content\/uploads\/2023\/10\/el-tiempo-14oct23-300x172.png 300w, https:\/\/mesabuitrera.org\/wp-content\/uploads\/2023\/10\/el-tiempo-14oct23-768x440.png 768w\" sizes=\"(max-width: 857px) 100vw, 857px\" \/><\/div>\n\t\t<\/a>\n\t\t\t\t<div class=\"elementor-post__text\">\n\t\t\t\t<h3 class=\"elementor-post__title\">\n\t\t\t<a href=\"https:\/\/mesabuitrera.org\/index.php\/2023\/10\/17\/el-tiempo-corregimiento-caleno-abre-mesa-con-gobierno-y-cvc-por-lios-de-territorio\/\" >\n\t\t\t\tEl Tiempo: Corregimiento cale\u00f1o abre mesa con gobierno y CVC por l\u00edos de territorio.\t\t\t<\/a>\n\t\t<\/h3>\n\t\t\t\t<div class=\"elementor-post__meta-data\">\n\t\t\t\t\t<span class=\"elementor-post-date\">\n\t\t\toctubre 17, 2023\t\t<\/span>\n\t\t\t\t<\/div>\n\t\t\t\t<\/div>\n\t\t\t\t<\/article>\n\t\t\t\t<article class=\"elementor-post elementor-grid-item post-1646 post type-post status-publish format-standard has-post-thumbnail hentry category-prensa-el-tiempo\" role=\"listitem\">\n\t\t\t\t<a class=\"elementor-post__thumbnail__link\" href=\"https:\/\/mesabuitrera.org\/index.php\/2023\/08\/23\/el-tiempo-desobediencia-anuncio-de-corregimiento-por-proyecto-de-cali-distrito-y-estratificacion\/\" tabindex=\"-1\" >\n\t\t\t<div class=\"elementor-post__thumbnail\"><img decoding=\"async\" width=\"1145\" height=\"594\" src=\"https:\/\/mesabuitrera.org\/wp-content\/uploads\/2023\/10\/230823-eltiempo.webp\" class=\"attachment-full size-full wp-image-1647\" alt=\"\" srcset=\"https:\/\/mesabuitrera.org\/wp-content\/uploads\/2023\/10\/230823-eltiempo.webp 1145w, https:\/\/mesabuitrera.org\/wp-content\/uploads\/2023\/10\/230823-eltiempo-300x156.webp 300w, https:\/\/mesabuitrera.org\/wp-content\/uploads\/2023\/10\/230823-eltiempo-1024x531.webp 1024w, https:\/\/mesabuitrera.org\/wp-content\/uploads\/2023\/10\/230823-eltiempo-768x398.webp 768w\" sizes=\"(max-width: 1145px) 100vw, 1145px\" \/><\/div>\n\t\t<\/a>\n\t\t\t\t<div class=\"elementor-post__text\">\n\t\t\t\t<h3 class=\"elementor-post__title\">\n\t\t\t<a href=\"https:\/\/mesabuitrera.org\/index.php\/2023\/08\/23\/el-tiempo-desobediencia-anuncio-de-corregimiento-por-proyecto-de-cali-distrito-y-estratificacion\/\" >\n\t\t\t\tEl Tiempo. Desobediencia, anuncio de corregimiento por proyecto de Cali Distrito y estratificaci\u00f3n\t\t\t<\/a>\n\t\t<\/h3>\n\t\t\t\t<div class=\"elementor-post__meta-data\">\n\t\t\t\t\t<span class=\"elementor-post-date\">\n\t\t\tagosto 23, 2023\t\t<\/span>\n\t\t\t\t<\/div>\n\t\t\t\t<\/div>\n\t\t\t\t<\/article>\n\t\t\t\t<article class=\"elementor-post elementor-grid-item post-1652 post type-post status-publish format-standard has-post-thumbnail hentry category-prensa-el-pais\" role=\"listitem\">\n\t\t\t\t<a class=\"elementor-post__thumbnail__link\" href=\"https:\/\/mesabuitrera.org\/index.php\/2023\/08\/22\/diario-el-pais-de-cali-corregimiento-de-cali-advirtio-que-impulsara-su-independencia-si-avanza-proyecto-de-estratificacion-2\/\" tabindex=\"-1\" >\n\t\t\t<div class=\"elementor-post__thumbnail\"><img loading=\"lazy\" decoding=\"async\" width=\"645\" height=\"423\" src=\"https:\/\/mesabuitrera.org\/wp-content\/uploads\/2023\/10\/230822-elpais-1.webp\" class=\"attachment-full size-full wp-image-1653\" alt=\"\" srcset=\"https:\/\/mesabuitrera.org\/wp-content\/uploads\/2023\/10\/230822-elpais-1.webp 645w, https:\/\/mesabuitrera.org\/wp-content\/uploads\/2023\/10\/230822-elpais-1-300x197.webp 300w\" sizes=\"(max-width: 645px) 100vw, 645px\" \/><\/div>\n\t\t<\/a>\n\t\t\t\t<div class=\"elementor-post__text\">\n\t\t\t\t<h3 class=\"elementor-post__title\">\n\t\t\t<a href=\"https:\/\/mesabuitrera.org\/index.php\/2023\/08\/22\/diario-el-pais-de-cali-corregimiento-de-cali-advirtio-que-impulsara-su-independencia-si-avanza-proyecto-de-estratificacion-2\/\" >\n\t\t\t\tDiario El Pa\u00eds de Cali: &#8220;Corregimiento de Cali advirti\u00f3 que impulsar\u00e1 su independencia si avanza proyecto de estratificaci\u00f3n&#8221;.\t\t\t<\/a>\n\t\t<\/h3>\n\t\t\t\t<div class=\"elementor-post__meta-data\">\n\t\t\t\t\t<span class=\"elementor-post-date\">\n\t\t\tagosto 22, 2023\t\t<\/span>\n\t\t\t\t<\/div>\n\t\t\t\t<\/div>\n\t\t\t\t<\/article>\n\t\t\t\t<article class=\"elementor-post elementor-grid-item post-950 post type-post status-publish format-standard has-post-thumbnail hentry category-prensa-las-2-orillas\" role=\"listitem\">\n\t\t\t\t<a class=\"elementor-post__thumbnail__link\" href=\"https:\/\/mesabuitrera.org\/index.php\/2023\/06\/09\/las-2-orillas-la-buitrera-en-la-incertidumbre-por-cali-distrito\/\" tabindex=\"-1\" >\n\t\t\t<div class=\"elementor-post__thumbnail\"><img loading=\"lazy\" decoding=\"async\" width=\"1200\" height=\"630\" src=\"https:\/\/mesabuitrera.org\/wp-content\/uploads\/2023\/10\/201021.jpg\" class=\"attachment-full size-full wp-image-951\" alt=\"\" srcset=\"https:\/\/mesabuitrera.org\/wp-content\/uploads\/2023\/10\/201021.jpg 1200w, https:\/\/mesabuitrera.org\/wp-content\/uploads\/2023\/10\/201021-300x158.jpg 300w, https:\/\/mesabuitrera.org\/wp-content\/uploads\/2023\/10\/201021-1024x538.jpg 1024w, https:\/\/mesabuitrera.org\/wp-content\/uploads\/2023\/10\/201021-768x403.jpg 768w\" sizes=\"(max-width: 1200px) 100vw, 1200px\" \/><\/div>\n\t\t<\/a>\n\t\t\t\t<div class=\"elementor-post__text\">\n\t\t\t\t<h3 class=\"elementor-post__title\">\n\t\t\t<a href=\"https:\/\/mesabuitrera.org\/index.php\/2023\/06\/09\/las-2-orillas-la-buitrera-en-la-incertidumbre-por-cali-distrito\/\" >\n\t\t\t\tLas 2 Orillas: &#8220;La Buitrera: en la incertidumbre por Cali-Distrito&#8221;\t\t\t<\/a>\n\t\t<\/h3>\n\t\t\t\t<div class=\"elementor-post__meta-data\">\n\t\t\t\t\t<span class=\"elementor-post-date\">\n\t\t\tjunio 9, 2023\t\t<\/span>\n\t\t\t\t<\/div>\n\t\t\t\t<\/div>\n\t\t\t\t<\/article>\n\t\t\t\t<\/div>\n\t\t\n\t\t\t\t\t\t<\/div>\n\t\t\t\t<\/div>\n\t\t\t\t<\/div>\n\t\t<div class=\"elementor-element elementor-element-aa06bbc e-con-full e-flex e-con e-child\" data-id=\"aa06bbc\" data-element_type=\"container\" data-e-type=\"container\">\n\t\t\t\t<div class=\"elementor-element elementor-element-a8f8757 elementor-widget elementor-widget-heading\" data-id=\"a8f8757\" data-element_type=\"widget\" data-e-type=\"widget\" data-widget_type=\"heading.default\">\n\t\t\t\t<div class=\"elementor-widget-container\">\n\t\t\t\t\t<h4 class=\"elementor-heading-title elementor-size-default\">Prensa Televisi\u00f3n<\/h4>\t\t\t\t<\/div>\n\t\t\t\t<\/div>\n\t\t\t\t<div class=\"elementor-element elementor-element-0198e38 elementor-grid-1 elementor-posts--thumbnail-right elementor-grid-tablet-2 elementor-grid-mobile-1 elementor-widget elementor-widget-posts\" data-id=\"0198e38\" data-element_type=\"widget\" data-e-type=\"widget\" data-settings=\"{&quot;classic_columns&quot;:&quot;1&quot;,&quot;classic_row_gap&quot;:{&quot;unit&quot;:&quot;px&quot;,&quot;size&quot;:5,&quot;sizes&quot;:[]},&quot;classic_row_gap_mobile&quot;:{&quot;unit&quot;:&quot;px&quot;,&quot;size&quot;:9,&quot;sizes&quot;:[]},&quot;classic_columns_tablet&quot;:&quot;2&quot;,&quot;classic_columns_mobile&quot;:&quot;1&quot;,&quot;classic_row_gap_tablet&quot;:{&quot;unit&quot;:&quot;px&quot;,&quot;size&quot;:&quot;&quot;,&quot;sizes&quot;:[]}}\" data-widget_type=\"posts.classic\">\n\t\t\t\t<div class=\"elementor-widget-container\">\n\t\t\t\t\t\t\t<div class=\"elementor-posts-container elementor-posts elementor-posts--skin-classic elementor-grid\" role=\"list\">\n\t\t\t\t<article class=\"elementor-post elementor-grid-item post-4426 post type-post status-publish format-standard has-post-thumbnail hentry category-prensa-telepacifico\" role=\"listitem\">\n\t\t\t\t<a class=\"elementor-post__thumbnail__link\" href=\"https:\/\/mesabuitrera.org\/index.php\/2024\/10\/07\/lanzamiento-de-la-ruta-canto-de-agua-fase-iv-voces-de-los-rios-de-cali-2024\/\" tabindex=\"-1\" >\n\t\t\t<div class=\"elementor-post__thumbnail\"><img loading=\"lazy\" decoding=\"async\" width=\"1280\" height=\"678\" src=\"https:\/\/mesabuitrera.org\/wp-content\/uploads\/2024\/10\/241008-lanzamiento.webp\" class=\"attachment-full size-full wp-image-4430\" alt=\"\" srcset=\"https:\/\/mesabuitrera.org\/wp-content\/uploads\/2024\/10\/241008-lanzamiento.webp 1280w, https:\/\/mesabuitrera.org\/wp-content\/uploads\/2024\/10\/241008-lanzamiento-300x159.webp 300w, https:\/\/mesabuitrera.org\/wp-content\/uploads\/2024\/10\/241008-lanzamiento-1024x542.webp 1024w, https:\/\/mesabuitrera.org\/wp-content\/uploads\/2024\/10\/241008-lanzamiento-768x407.webp 768w\" sizes=\"(max-width: 1280px) 100vw, 1280px\" \/><\/div>\n\t\t<\/a>\n\t\t\t\t<div class=\"elementor-post__text\">\n\t\t\t\t<h3 class=\"elementor-post__title\">\n\t\t\t<a href=\"https:\/\/mesabuitrera.org\/index.php\/2024\/10\/07\/lanzamiento-de-la-ruta-canto-de-agua-fase-iv-voces-de-los-rios-de-cali-2024\/\" >\n\t\t\t\tLanzamiento de &#8220;La Ruta Canto de Agua Fase IV Voces de los r\u00edos de Cali 2024&#8221;\t\t\t<\/a>\n\t\t<\/h3>\n\t\t\t\t<div class=\"elementor-post__meta-data\">\n\t\t\t\t\t<span class=\"elementor-post-date\">\n\t\t\toctubre 7, 2024\t\t<\/span>\n\t\t\t\t<\/div>\n\t\t\t\t<\/div>\n\t\t\t\t<\/article>\n\t\t\t\t<article class=\"elementor-post elementor-grid-item post-4382 post type-post status-publish format-standard has-post-thumbnail hentry category-prensa-telepacifico\" role=\"listitem\">\n\t\t\t\t<a class=\"elementor-post__thumbnail__link\" href=\"https:\/\/mesabuitrera.org\/index.php\/2024\/09\/16\/mesas-tecnicas-para-revisar-estratificacion-y-avaluos-catastrales-en-la-zona-rural-de-cali-2\/\" tabindex=\"-1\" >\n\t\t\t<div class=\"elementor-post__thumbnail\"><img loading=\"lazy\" decoding=\"async\" width=\"919\" height=\"451\" src=\"https:\/\/mesabuitrera.org\/wp-content\/uploads\/2024\/09\/240916-noti5.png\" class=\"attachment-full size-full wp-image-4383\" alt=\"\" srcset=\"https:\/\/mesabuitrera.org\/wp-content\/uploads\/2024\/09\/240916-noti5.png 919w, https:\/\/mesabuitrera.org\/wp-content\/uploads\/2024\/09\/240916-noti5-300x147.png 300w, https:\/\/mesabuitrera.org\/wp-content\/uploads\/2024\/09\/240916-noti5-768x377.png 768w\" sizes=\"(max-width: 919px) 100vw, 919px\" \/><\/div>\n\t\t<\/a>\n\t\t\t\t<div class=\"elementor-post__text\">\n\t\t\t\t<h3 class=\"elementor-post__title\">\n\t\t\t<a href=\"https:\/\/mesabuitrera.org\/index.php\/2024\/09\/16\/mesas-tecnicas-para-revisar-estratificacion-y-avaluos-catastrales-en-la-zona-rural-de-cali-2\/\" >\n\t\t\t\tMesas t\u00e9cnicas para revisar estratificaci\u00f3n y aval\u00faos catastrales en la zona rural de Cali\t\t\t<\/a>\n\t\t<\/h3>\n\t\t\t\t<div class=\"elementor-post__meta-data\">\n\t\t\t\t\t<span class=\"elementor-post-date\">\n\t\t\tseptiembre 16, 2024\t\t<\/span>\n\t\t\t\t<\/div>\n\t\t\t\t<\/div>\n\t\t\t\t<\/article>\n\t\t\t\t<article class=\"elementor-post elementor-grid-item post-4379 post type-post status-publish format-standard has-post-thumbnail hentry category-prensa-telepacifico\" role=\"listitem\">\n\t\t\t\t<a class=\"elementor-post__thumbnail__link\" href=\"https:\/\/mesabuitrera.org\/index.php\/2024\/09\/16\/mesas-tecnicas-para-revisar-estratificacion-y-avaluos-catastrales-en-la-zona-rural-de-cali\/\" tabindex=\"-1\" >\n\t\t\t<div class=\"elementor-post__thumbnail\"><img loading=\"lazy\" decoding=\"async\" width=\"954\" height=\"450\" src=\"https:\/\/mesabuitrera.org\/wp-content\/uploads\/2024\/09\/240917-noti5-avaluo-catastral.png\" class=\"attachment-full size-full wp-image-4380\" alt=\"\" srcset=\"https:\/\/mesabuitrera.org\/wp-content\/uploads\/2024\/09\/240917-noti5-avaluo-catastral.png 954w, https:\/\/mesabuitrera.org\/wp-content\/uploads\/2024\/09\/240917-noti5-avaluo-catastral-300x142.png 300w, https:\/\/mesabuitrera.org\/wp-content\/uploads\/2024\/09\/240917-noti5-avaluo-catastral-768x362.png 768w\" sizes=\"(max-width: 954px) 100vw, 954px\" \/><\/div>\n\t\t<\/a>\n\t\t\t\t<div class=\"elementor-post__text\">\n\t\t\t\t<h3 class=\"elementor-post__title\">\n\t\t\t<a href=\"https:\/\/mesabuitrera.org\/index.php\/2024\/09\/16\/mesas-tecnicas-para-revisar-estratificacion-y-avaluos-catastrales-en-la-zona-rural-de-cali\/\" >\n\t\t\t\tMesas t\u00e9cnicas para revisar estratificaci\u00f3n y aval\u00faos catastrales en la zona rural de Cali\t\t\t<\/a>\n\t\t<\/h3>\n\t\t\t\t<div class=\"elementor-post__meta-data\">\n\t\t\t\t\t<span class=\"elementor-post-date\">\n\t\t\tseptiembre 16, 2024\t\t<\/span>\n\t\t\t\t<\/div>\n\t\t\t\t<\/div>\n\t\t\t\t<\/article>\n\t\t\t\t<article class=\"elementor-post elementor-grid-item post-4376 post type-post status-publish format-standard has-post-thumbnail hentry category-prensa-telepacifico\" role=\"listitem\">\n\t\t\t\t<a class=\"elementor-post__thumbnail__link\" href=\"https:\/\/mesabuitrera.org\/index.php\/2024\/09\/16\/comunidades-rurales-dialogaron-con-la-alcaldia-de-cali\/\" tabindex=\"-1\" >\n\t\t\t<div class=\"elementor-post__thumbnail\"><img loading=\"lazy\" decoding=\"async\" width=\"948\" height=\"449\" src=\"https:\/\/mesabuitrera.org\/wp-content\/uploads\/2024\/09\/240917-90mins-avaluo-catastral.png\" class=\"attachment-full size-full wp-image-4377\" alt=\"\" srcset=\"https:\/\/mesabuitrera.org\/wp-content\/uploads\/2024\/09\/240917-90mins-avaluo-catastral.png 948w, https:\/\/mesabuitrera.org\/wp-content\/uploads\/2024\/09\/240917-90mins-avaluo-catastral-300x142.png 300w, https:\/\/mesabuitrera.org\/wp-content\/uploads\/2024\/09\/240917-90mins-avaluo-catastral-768x364.png 768w\" sizes=\"(max-width: 948px) 100vw, 948px\" \/><\/div>\n\t\t<\/a>\n\t\t\t\t<div class=\"elementor-post__text\">\n\t\t\t\t<h3 class=\"elementor-post__title\">\n\t\t\t<a href=\"https:\/\/mesabuitrera.org\/index.php\/2024\/09\/16\/comunidades-rurales-dialogaron-con-la-alcaldia-de-cali\/\" >\n\t\t\t\tComunidades rurales dialogaron con la Alcald\u00eda de Cali\t\t\t<\/a>\n\t\t<\/h3>\n\t\t\t\t<div class=\"elementor-post__meta-data\">\n\t\t\t\t\t<span class=\"elementor-post-date\">\n\t\t\tseptiembre 16, 2024\t\t<\/span>\n\t\t\t\t<\/div>\n\t\t\t\t<\/div>\n\t\t\t\t<\/article>\n\t\t\t\t<article class=\"elementor-post elementor-grid-item post-4373 post type-post status-publish format-standard has-post-thumbnail hentry category-prensa-telepacifico\" role=\"listitem\">\n\t\t\t\t<a class=\"elementor-post__thumbnail__link\" href=\"https:\/\/mesabuitrera.org\/index.php\/2024\/09\/16\/inconformismo-por-avaluo-catastral-en-zona-rural-de-cali-habitantes-piden-respuesta-de-autoridades\/\" tabindex=\"-1\" >\n\t\t\t<div class=\"elementor-post__thumbnail\"><img loading=\"lazy\" decoding=\"async\" width=\"958\" height=\"475\" src=\"https:\/\/mesabuitrera.org\/wp-content\/uploads\/2024\/09\/240917-90minutos-avaluo-catastral.png\" class=\"attachment-full size-full wp-image-4374\" alt=\"\" srcset=\"https:\/\/mesabuitrera.org\/wp-content\/uploads\/2024\/09\/240917-90minutos-avaluo-catastral.png 958w, https:\/\/mesabuitrera.org\/wp-content\/uploads\/2024\/09\/240917-90minutos-avaluo-catastral-300x149.png 300w, https:\/\/mesabuitrera.org\/wp-content\/uploads\/2024\/09\/240917-90minutos-avaluo-catastral-768x381.png 768w\" sizes=\"(max-width: 958px) 100vw, 958px\" \/><\/div>\n\t\t<\/a>\n\t\t\t\t<div class=\"elementor-post__text\">\n\t\t\t\t<h3 class=\"elementor-post__title\">\n\t\t\t<a href=\"https:\/\/mesabuitrera.org\/index.php\/2024\/09\/16\/inconformismo-por-avaluo-catastral-en-zona-rural-de-cali-habitantes-piden-respuesta-de-autoridades\/\" >\n\t\t\t\tInconformismo por aval\u00fao catastral en zona rural de Cali: Habitantes piden respuesta de autoridades\t\t\t<\/a>\n\t\t<\/h3>\n\t\t\t\t<div class=\"elementor-post__meta-data\">\n\t\t\t\t\t<span class=\"elementor-post-date\">\n\t\t\tseptiembre 16, 2024\t\t<\/span>\n\t\t\t\t<\/div>\n\t\t\t\t<\/div>\n\t\t\t\t<\/article>\n\t\t\t\t<article class=\"elementor-post elementor-grid-item post-4365 post type-post status-publish format-standard has-post-thumbnail hentry category-prensa-rtvc\" role=\"listitem\">\n\t\t\t\t<a class=\"elementor-post__thumbnail__link\" href=\"https:\/\/mesabuitrera.org\/index.php\/2024\/09\/16\/habitantes-de-15-corregimientos-en-cali-denuncian-que-se-disparo-su-avaluo-catastral-piden-que-se-derogue-el-decreto-0975\/\" tabindex=\"-1\" >\n\t\t\t<div class=\"elementor-post__thumbnail\"><img loading=\"lazy\" decoding=\"async\" width=\"818\" height=\"421\" src=\"https:\/\/mesabuitrera.org\/wp-content\/uploads\/2024\/09\/240917-rtvc-avaluo-catastral.png\" class=\"attachment-full size-full wp-image-4367\" alt=\"\" srcset=\"https:\/\/mesabuitrera.org\/wp-content\/uploads\/2024\/09\/240917-rtvc-avaluo-catastral.png 818w, https:\/\/mesabuitrera.org\/wp-content\/uploads\/2024\/09\/240917-rtvc-avaluo-catastral-300x154.png 300w, https:\/\/mesabuitrera.org\/wp-content\/uploads\/2024\/09\/240917-rtvc-avaluo-catastral-768x395.png 768w\" sizes=\"(max-width: 818px) 100vw, 818px\" \/><\/div>\n\t\t<\/a>\n\t\t\t\t<div class=\"elementor-post__text\">\n\t\t\t\t<h3 class=\"elementor-post__title\">\n\t\t\t<a href=\"https:\/\/mesabuitrera.org\/index.php\/2024\/09\/16\/habitantes-de-15-corregimientos-en-cali-denuncian-que-se-disparo-su-avaluo-catastral-piden-que-se-derogue-el-decreto-0975\/\" >\n\t\t\t\tHabitantes de 15 corregimientos en Cali denuncian que se dispar\u00f3 su avalu\u00f3 catastral. Piden que se derogue el decreto 0975.\t\t\t<\/a>\n\t\t<\/h3>\n\t\t\t\t<div class=\"elementor-post__meta-data\">\n\t\t\t\t\t<span class=\"elementor-post-date\">\n\t\t\tseptiembre 16, 2024\t\t<\/span>\n\t\t\t\t<\/div>\n\t\t\t\t<\/div>\n\t\t\t\t<\/article>\n\t\t\t\t<article class=\"elementor-post elementor-grid-item post-1557 post type-post status-publish format-standard has-post-thumbnail hentry category-prensa-telepacifico\" role=\"listitem\">\n\t\t\t\t<a class=\"elementor-post__thumbnail__link\" href=\"https:\/\/mesabuitrera.org\/index.php\/2023\/08\/26\/noticiero-90-minutos-telepacifico-los-habitantes-del-corregimiento-la-buitrera-se-declararon-en-desobediencia-civil\/\" tabindex=\"-1\" >\n\t\t\t<div class=\"elementor-post__thumbnail\"><img loading=\"lazy\" decoding=\"async\" width=\"400\" height=\"274\" src=\"https:\/\/mesabuitrera.org\/wp-content\/uploads\/2023\/08\/230826-90minutos.webp\" class=\"attachment-full size-full wp-image-1559\" alt=\"\" srcset=\"https:\/\/mesabuitrera.org\/wp-content\/uploads\/2023\/08\/230826-90minutos.webp 400w, https:\/\/mesabuitrera.org\/wp-content\/uploads\/2023\/08\/230826-90minutos-300x206.webp 300w\" sizes=\"(max-width: 400px) 100vw, 400px\" \/><\/div>\n\t\t<\/a>\n\t\t\t\t<div class=\"elementor-post__text\">\n\t\t\t\t<h3 class=\"elementor-post__title\">\n\t\t\t<a href=\"https:\/\/mesabuitrera.org\/index.php\/2023\/08\/26\/noticiero-90-minutos-telepacifico-los-habitantes-del-corregimiento-la-buitrera-se-declararon-en-desobediencia-civil\/\" >\n\t\t\t\tNoticiero 90 Minutos Telepac\u00edfico. Los habitantes del corregimiento La Buitrera se declararon en desobediencia civil.\t\t\t<\/a>\n\t\t<\/h3>\n\t\t\t\t<div class=\"elementor-post__meta-data\">\n\t\t\t\t\t<span class=\"elementor-post-date\">\n\t\t\tagosto 26, 2023\t\t<\/span>\n\t\t\t\t<\/div>\n\t\t\t\t<\/div>\n\t\t\t\t<\/article>\n\t\t\t\t<article class=\"elementor-post elementor-grid-item post-1575 post type-post status-publish format-standard has-post-thumbnail hentry category-prensa-telepacifico\" role=\"listitem\">\n\t\t\t\t<a class=\"elementor-post__thumbnail__link\" href=\"https:\/\/mesabuitrera.org\/index.php\/2023\/08\/25\/noticiero-noti5-de-telepacifico-correo-de-la-comunidad-problematicas-en-el-corregimiento-de-la-buitrera\/\" tabindex=\"-1\" >\n\t\t\t<div class=\"elementor-post__thumbnail\"><img loading=\"lazy\" decoding=\"async\" width=\"400\" height=\"214\" src=\"https:\/\/mesabuitrera.org\/wp-content\/uploads\/2023\/10\/230826-noti5.webp\" class=\"attachment-full size-full wp-image-1576\" alt=\"\" srcset=\"https:\/\/mesabuitrera.org\/wp-content\/uploads\/2023\/10\/230826-noti5.webp 400w, https:\/\/mesabuitrera.org\/wp-content\/uploads\/2023\/10\/230826-noti5-300x161.webp 300w\" sizes=\"(max-width: 400px) 100vw, 400px\" \/><\/div>\n\t\t<\/a>\n\t\t\t\t<div class=\"elementor-post__text\">\n\t\t\t\t<h3 class=\"elementor-post__title\">\n\t\t\t<a href=\"https:\/\/mesabuitrera.org\/index.php\/2023\/08\/25\/noticiero-noti5-de-telepacifico-correo-de-la-comunidad-problematicas-en-el-corregimiento-de-la-buitrera\/\" >\n\t\t\t\tNoticiero Noti5 de Telepac\u00edfico: \u00abCorreo de la comunidad: problem\u00e1ticas en el corregimiento de La Buitrera.\t\t\t<\/a>\n\t\t<\/h3>\n\t\t\t\t<div class=\"elementor-post__meta-data\">\n\t\t\t\t\t<span class=\"elementor-post-date\">\n\t\t\tagosto 25, 2023\t\t<\/span>\n\t\t\t\t<\/div>\n\t\t\t\t<\/div>\n\t\t\t\t<\/article>\n\t\t\t\t<article class=\"elementor-post elementor-grid-item post-1649 post type-post status-publish format-standard has-post-thumbnail hentry category-prensa-caracol-tv\" role=\"listitem\">\n\t\t\t\t<a class=\"elementor-post__thumbnail__link\" href=\"https:\/\/mesabuitrera.org\/index.php\/2023\/08\/23\/noticias-caracol-tv-habitantes-de-la-buitrera-valle-del-cauca-se-declaran-en-desobediencia-civil\/\" tabindex=\"-1\" >\n\t\t\t<div class=\"elementor-post__thumbnail\"><img loading=\"lazy\" decoding=\"async\" width=\"520\" height=\"293\" src=\"https:\/\/mesabuitrera.org\/wp-content\/uploads\/2023\/10\/230823-noticias-caracol-tv.webp\" class=\"attachment-full size-full wp-image-1650\" alt=\"\" srcset=\"https:\/\/mesabuitrera.org\/wp-content\/uploads\/2023\/10\/230823-noticias-caracol-tv.webp 520w, https:\/\/mesabuitrera.org\/wp-content\/uploads\/2023\/10\/230823-noticias-caracol-tv-300x169.webp 300w\" sizes=\"(max-width: 520px) 100vw, 520px\" \/><\/div>\n\t\t<\/a>\n\t\t\t\t<div class=\"elementor-post__text\">\n\t\t\t\t<h3 class=\"elementor-post__title\">\n\t\t\t<a href=\"https:\/\/mesabuitrera.org\/index.php\/2023\/08\/23\/noticias-caracol-tv-habitantes-de-la-buitrera-valle-del-cauca-se-declaran-en-desobediencia-civil\/\" >\n\t\t\t\tNoticias Caracol TV. Habitantes de la Buitrera, Valle del Cauca, se declaran en desobediencia civil.\t\t\t<\/a>\n\t\t<\/h3>\n\t\t\t\t<div class=\"elementor-post__meta-data\">\n\t\t\t\t\t<span class=\"elementor-post-date\">\n\t\t\tagosto 23, 2023\t\t<\/span>\n\t\t\t\t<\/div>\n\t\t\t\t<\/div>\n\t\t\t\t<\/article>\n\t\t\t\t<article class=\"elementor-post elementor-grid-item post-1626 post type-post status-publish format-standard has-post-thumbnail hentry category-prensa-telepacifico\" role=\"listitem\">\n\t\t\t\t<a class=\"elementor-post__thumbnail__link\" href=\"https:\/\/mesabuitrera.org\/index.php\/2023\/08\/23\/telepacifico-noticias-23-de-agosto-de-2023-como-un-cero-a-la-izquierda\/\" tabindex=\"-1\" >\n\t\t\t<div class=\"elementor-post__thumbnail\"><img loading=\"lazy\" decoding=\"async\" width=\"841\" height=\"463\" src=\"https:\/\/mesabuitrera.org\/wp-content\/uploads\/2023\/10\/230823-telepacifico-noticias-cero.webp\" class=\"attachment-full size-full wp-image-1628\" alt=\"\" srcset=\"https:\/\/mesabuitrera.org\/wp-content\/uploads\/2023\/10\/230823-telepacifico-noticias-cero.webp 841w, https:\/\/mesabuitrera.org\/wp-content\/uploads\/2023\/10\/230823-telepacifico-noticias-cero-300x165.webp 300w, https:\/\/mesabuitrera.org\/wp-content\/uploads\/2023\/10\/230823-telepacifico-noticias-cero-768x423.webp 768w\" sizes=\"(max-width: 841px) 100vw, 841px\" \/><\/div>\n\t\t<\/a>\n\t\t\t\t<div class=\"elementor-post__text\">\n\t\t\t\t<h3 class=\"elementor-post__title\">\n\t\t\t<a href=\"https:\/\/mesabuitrera.org\/index.php\/2023\/08\/23\/telepacifico-noticias-23-de-agosto-de-2023-como-un-cero-a-la-izquierda\/\" >\n\t\t\t\tTelepac\u00edfico Noticias 23 de agosto de 2023. Como un cero a la izquierda.\t\t\t<\/a>\n\t\t<\/h3>\n\t\t\t\t<div class=\"elementor-post__meta-data\">\n\t\t\t\t\t<span class=\"elementor-post-date\">\n\t\t\tagosto 23, 2023\t\t<\/span>\n\t\t\t\t<\/div>\n\t\t\t\t<\/div>\n\t\t\t\t<\/article>\n\t\t\t\t<\/div>\n\t\t\n\t\t\t\t\t\t<\/div>\n\t\t\t\t<\/div>\n\t\t\t\t<\/div>\n\t\t<div class=\"elementor-element elementor-element-40679f9 e-con-full e-flex e-con e-child\" data-id=\"40679f9\" data-element_type=\"container\" data-e-type=\"container\">\n\t\t\t\t<div class=\"elementor-element elementor-element-e98ed17 elementor-widget elementor-widget-heading\" data-id=\"e98ed17\" data-element_type=\"widget\" data-e-type=\"widget\" data-widget_type=\"heading.default\">\n\t\t\t\t<div class=\"elementor-widget-container\">\n\t\t\t\t\t<h4 class=\"elementor-heading-title elementor-size-default\">Prensa Radio<\/h4>\t\t\t\t<\/div>\n\t\t\t\t<\/div>\n\t\t\t\t<div class=\"elementor-element elementor-element-aca7f10 elementor-grid-1 elementor-grid-tablet-2 elementor-grid-mobile-1 elementor-posts--thumbnail-top elementor-widget elementor-widget-posts\" data-id=\"aca7f10\" data-element_type=\"widget\" data-e-type=\"widget\" data-settings=\"{&quot;classic_columns&quot;:&quot;1&quot;,&quot;classic_row_gap&quot;:{&quot;unit&quot;:&quot;px&quot;,&quot;size&quot;:10,&quot;sizes&quot;:[]},&quot;classic_columns_tablet&quot;:&quot;2&quot;,&quot;classic_columns_mobile&quot;:&quot;1&quot;,&quot;classic_row_gap_tablet&quot;:{&quot;unit&quot;:&quot;px&quot;,&quot;size&quot;:&quot;&quot;,&quot;sizes&quot;:[]},&quot;classic_row_gap_mobile&quot;:{&quot;unit&quot;:&quot;px&quot;,&quot;size&quot;:&quot;&quot;,&quot;sizes&quot;:[]}}\" data-widget_type=\"posts.classic\">\n\t\t\t\t<div class=\"elementor-widget-container\">\n\t\t\t\t\t\t\t<div class=\"elementor-posts-container elementor-posts elementor-posts--skin-classic elementor-grid\" role=\"list\">\n\t\t\t\t<article class=\"elementor-post elementor-grid-item post-1630 post type-post status-publish format-standard hentry category-prensa-caracol-radio\" role=\"listitem\">\n\t\t\t\t<div class=\"elementor-post__text\">\n\t\t\t\t<h3 class=\"elementor-post__title\">\n\t\t\t<a href=\"https:\/\/mesabuitrera.org\/index.php\/2023\/08\/23\/noticias-caracol-radio-desobediencia-civil-la-buitrera\/\" >\n\t\t\t\tNoticias Caracol Radio. Desobediencia civil La Buitrera.\t\t\t<\/a>\n\t\t<\/h3>\n\t\t\t\t<div class=\"elementor-post__meta-data\">\n\t\t\t\t\t<span class=\"elementor-post-date\">\n\t\t\tagosto 23, 2023\t\t<\/span>\n\t\t\t\t<\/div>\n\t\t\t\t<\/div>\n\t\t\t\t<\/article>\n\t\t\t\t<\/div>\n\t\t\n\t\t\t\t\t\t<\/div>\n\t\t\t\t<\/div>\n\t\t\t\t<div class=\"elementor-element elementor-element-077e8be elementor-widget elementor-widget-heading\" data-id=\"077e8be\" data-element_type=\"widget\" data-e-type=\"widget\" data-widget_type=\"heading.default\">\n\t\t\t\t<div class=\"elementor-widget-container\">\n\t\t\t\t\t<h4 class=\"elementor-heading-title elementor-size-default\">Prensa Local<\/h4>\t\t\t\t<\/div>\n\t\t\t\t<\/div>\n\t\t\t\t<div class=\"elementor-element elementor-element-e30ccce elementor-widget elementor-widget-image\" data-id=\"e30ccce\" data-element_type=\"widget\" data-e-type=\"widget\" data-widget_type=\"image.default\">\n\t\t\t\t<div class=\"elementor-widget-container\">\n\t\t\t\t\t\t\t\t\t\t\t\t\t\t\t\t<a href=\"https:\/\/lacasadelguatin.co\/index.php\/ediciones-fisicas\/\">\n\t\t\t\t\t\t\t<img loading=\"lazy\" decoding=\"async\" width=\"459\" height=\"445\" src=\"https:\/\/mesabuitrera.org\/wp-content\/uploads\/2023\/10\/casadelguatin-logo.png\" class=\"attachment-full size-full wp-image-833\" alt=\"\" srcset=\"https:\/\/mesabuitrera.org\/wp-content\/uploads\/2023\/10\/casadelguatin-logo.png 459w, https:\/\/mesabuitrera.org\/wp-content\/uploads\/2023\/10\/casadelguatin-logo-300x291.png 300w\" sizes=\"(max-width: 459px) 100vw, 459px\" \/>\t\t\t\t\t\t\t\t<\/a>\n\t\t\t\t\t\t\t\t\t\t\t\t\t\t\t<\/div>\n\t\t\t\t<\/div>\n\t\t\t\t<\/div>\n\t\t<div class=\"elementor-element elementor-element-012141d e-con-full e-flex e-con e-child\" data-id=\"012141d\" data-element_type=\"container\" data-e-type=\"container\">\n\t\t\t\t<\/div>\n\t\t<div class=\"elementor-element elementor-element-fcde277 e-con-full e-flex e-con e-child\" data-id=\"fcde277\" data-element_type=\"container\" data-e-type=\"container\">\n\t\t\t\t<\/div>\n\t\t<div class=\"elementor-element elementor-element-80790ef e-con-full e-flex e-con e-child\" data-id=\"80790ef\" data-element_type=\"container\" data-e-type=\"container\">\n\t\t\t\t<\/div>\n\t\t\t\t<\/div>\n\t\t\t\t<\/div>\n\t\t","protected":false},"excerpt":{"rendered":"<p>Prensa escrita Prensa Televisi\u00f3n Prensa Radio Prensa Local<\/p>\n","protected":false},"author":1,"featured_media":0,"parent":0,"menu_order":0,"comment_status":"closed","ping_status":"closed","template":"","meta":{"_acf_changed":false,"om_disable_all_campaigns":false,"_monsterinsights_skip_tracking":false,"_monsterinsights_sitenote_active":false,"_monsterinsights_sitenote_note":"","_monsterinsights_sitenote_category":0,"footnotes":""},"class_list":["post-145","page","type-page","status-publish","hentry"],"acf":[],"aioseo_notices":[],"_links":{"self":[{"href":"https:\/\/mesabuitrera.org\/index.php\/wp-json\/wp\/v2\/pages\/145","targetHints":{"allow":["GET"]}}],"collection":[{"href":"https:\/\/mesabuitrera.org\/index.php\/wp-json\/wp\/v2\/pages"}],"about":[{"href":"https:\/\/mesabuitrera.org\/index.php\/wp-json\/wp\/v2\/types\/page"}],"author":[{"embeddable":true,"href":"https:\/\/mesabuitrera.org\/index.php\/wp-json\/wp\/v2\/users\/1"}],"replies":[{"embeddable":true,"href":"https:\/\/mesabuitrera.org\/index.php\/wp-json\/wp\/v2\/comments?post=145"}],"version-history":[{"count":172,"href":"https:\/\/mesabuitrera.org\/index.php\/wp-json\/wp\/v2\/pages\/145\/revisions"}],"predecessor-version":[{"id":5295,"href":"https:\/\/mesabuitrera.org\/index.php\/wp-json\/wp\/v2\/pages\/145\/revisions\/5295"}],"wp:attachment":[{"href":"https:\/\/mesabuitrera.org\/index.php\/wp-json\/wp\/v2\/media?parent=145"}],"curies":[{"name":"wp","href":"https:\/\/api.w.org\/{rel}","templated":true}]}}