{"id":2007,"date":"2023-11-22T20:33:52","date_gmt":"2023-11-22T20:33:52","guid":{"rendered":"https:\/\/mesabuitrera.org\/?page_id=2007"},"modified":"2024-01-09T13:39:36","modified_gmt":"2024-01-09T13:39:36","slug":"festival-la-guatina","status":"publish","type":"page","link":"https:\/\/mesabuitrera.org\/index.php\/festival-la-guatina\/","title":{"rendered":"Festival la Guatina"},"content":{"rendered":"\t\t<div data-elementor-type=\"wp-page\" data-elementor-id=\"2007\" class=\"elementor elementor-2007\" data-elementor-post-type=\"page\">\n\t\t\t\t<div class=\"elementor-element elementor-element-4307aa8 e-flex e-con-boxed e-con e-parent\" data-id=\"4307aa8\" data-element_type=\"container\" data-e-type=\"container\">\n\t\t\t\t\t<div class=\"e-con-inner\">\n\t\t\t\t<div class=\"elementor-element elementor-element-db0bd69 elementor-widget elementor-widget-heading\" data-id=\"db0bd69\" data-element_type=\"widget\" data-e-type=\"widget\" data-widget_type=\"heading.default\">\n\t\t\t\t<div class=\"elementor-widget-container\">\n\t\t\t\t\t<h2 class=\"elementor-heading-title elementor-size-default\">La Guatina, festival de arte y soberan\u00eda rural<\/h2>\t\t\t\t<\/div>\n\t\t\t\t<\/div>\n\t\t\t\t\t<\/div>\n\t\t\t\t<\/div>\n\t\t<div class=\"elementor-element elementor-element-4be3cfc e-flex e-con-boxed e-con e-parent\" data-id=\"4be3cfc\" data-element_type=\"container\" data-e-type=\"container\">\n\t\t\t\t\t<div class=\"e-con-inner\">\n\t\t<div class=\"elementor-element elementor-element-8f1eef0 e-con-full e-flex e-con e-child\" data-id=\"8f1eef0\" data-element_type=\"container\" data-e-type=\"container\">\n\t\t\t\t<div class=\"elementor-element elementor-element-f3cf011 elementor-widget elementor-widget-text-editor\" data-id=\"f3cf011\" data-element_type=\"widget\" data-e-type=\"widget\" data-widget_type=\"text-editor.default\">\n\t\t\t\t<div class=\"elementor-widget-container\">\n\t\t\t\t\t\t\t\t\t<p>Jornada apote\u00f3sica se vivi\u00f3 en la celebraci\u00f3n del primer festival La Guatina, el 5 de noviembre de 2023. Visitantes y lugare\u00f1os asistieron a este evento de arte y soberan\u00eda rural en la que por primera vez nuestro corregimiento tuvo la oportunidad de disfrutar -especialmente las familias- en donde las expresiones art\u00edsticas, literarias, gastron\u00f3micas y diferentes muestras culturales hicieron las delicias en una programaci\u00f3n que inici\u00f3 a las nueve de la ma\u00f1ana y se extendi\u00f3 hasta pasadas las seis de la tarde.<\/p>\t\t\t\t\t\t\t\t<\/div>\n\t\t\t\t<\/div>\n\t\t\t\t<div class=\"elementor-element elementor-element-5e22873 elementor-widget elementor-widget-video\" data-id=\"5e22873\" data-element_type=\"widget\" data-e-type=\"widget\" data-settings=\"{&quot;youtube_url&quot;:&quot;https:\\\/\\\/youtu.be\\\/18GbviyvgZc&quot;,&quot;video_type&quot;:&quot;youtube&quot;,&quot;controls&quot;:&quot;yes&quot;}\" data-widget_type=\"video.default\">\n\t\t\t\t<div class=\"elementor-widget-container\">\n\t\t\t\t\t\t\t<div class=\"elementor-wrapper elementor-open-inline\">\n\t\t\t<div class=\"elementor-video\"><\/div>\t\t<\/div>\n\t\t\t\t\t\t<\/div>\n\t\t\t\t<\/div>\n\t\t\t\t<div class=\"elementor-element elementor-element-2cb5e13 elementor-widget elementor-widget-text-editor\" data-id=\"2cb5e13\" data-element_type=\"widget\" data-e-type=\"widget\" data-widget_type=\"text-editor.default\">\n\t\t\t\t<div class=\"elementor-widget-container\">\n\t\t\t\t\t\t\t\t\t<p>Con el inicio del Festival de Arte y Soberan\u00eda Rural <strong><em>La Guatina<\/em><\/strong>, se consolida un proceso de acercamiento y creencia de lo que podemos realizar interdisciplinariamente a trav\u00e9s de convocatorias solidarias y participativas que nos permiten a todos poner lo que podemos y juntos alcanzar los objetivos para una excelente calidad de vida.<\/p>\t\t\t\t\t\t\t\t<\/div>\n\t\t\t\t<\/div>\n\t\t\t\t<\/div>\n\t\t<div class=\"elementor-element elementor-element-7844437 e-con-full e-flex e-con e-child\" data-id=\"7844437\" data-element_type=\"container\" data-e-type=\"container\">\n\t\t\t\t<div class=\"elementor-element elementor-element-b1f2d06 elementor-widget elementor-widget-image\" data-id=\"b1f2d06\" data-element_type=\"widget\" data-e-type=\"widget\" data-widget_type=\"image.default\">\n\t\t\t\t<div class=\"elementor-widget-container\">\n\t\t\t\t\t\t\t\t\t\t\t\t\t\t\t<img fetchpriority=\"high\" decoding=\"async\" width=\"720\" height=\"960\" src=\"https:\/\/mesabuitrera.org\/wp-content\/uploads\/2024\/01\/231101-flyer-la-guatina.jpg\" class=\"attachment-large size-large wp-image-2306\" alt=\"\" srcset=\"https:\/\/mesabuitrera.org\/wp-content\/uploads\/2024\/01\/231101-flyer-la-guatina.jpg 720w, https:\/\/mesabuitrera.org\/wp-content\/uploads\/2024\/01\/231101-flyer-la-guatina-225x300.jpg 225w\" sizes=\"(max-width: 720px) 100vw, 720px\" \/>\t\t\t\t\t\t\t\t\t\t\t\t\t\t\t<\/div>\n\t\t\t\t<\/div>\n\t\t\t\t<\/div>\n\t\t\t\t\t<\/div>\n\t\t\t\t<\/div>\n\t\t\t\t<\/div>\n\t\t","protected":false},"excerpt":{"rendered":"<p>La Guatina, festival de arte y soberan\u00eda rural Jornada apote\u00f3sica se vivi\u00f3 en la celebraci\u00f3n del primer festival La Guatina, el 5 de noviembre de 2023. Visitantes y lugare\u00f1os asistieron a este evento de arte y soberan\u00eda rural en la que por primera vez nuestro corregimiento tuvo la oportunidad de disfrutar -especialmente las familias- en [&hellip;]<\/p>\n","protected":false},"author":1,"featured_media":0,"parent":0,"menu_order":0,"comment_status":"closed","ping_status":"closed","template":"","meta":{"_acf_changed":false,"om_disable_all_campaigns":false,"_monsterinsights_skip_tracking":false,"footnotes":""},"class_list":["post-2007","page","type-page","status-publish","hentry"],"acf":[],"aioseo_notices":[],"aioseo_head":"\n\t\t<!-- All in One SEO 5.0.1.1 - aioseo.com -->\n\t<meta name=\"description\" content=\"La Guatina, festival de arte y soberan\u00eda rural Jornada apote\u00f3sica se vivi\u00f3 en la celebraci\u00f3n del primer festival La Guatina, el 5 de noviembre de 2023. Visitantes y lugare\u00f1os asistieron a este evento de arte y soberan\u00eda rural en la que por primera vez nuestro corregimiento tuvo la oportunidad de disfrutar -especialmente las familias- en\" \/>\n\t<meta name=\"robots\" content=\"max-image-preview:large\" \/>\n\t<link rel=\"canonical\" href=\"https:\/\/mesabuitrera.org\/index.php\/festival-la-guatina\/\" \/>\n\t<meta name=\"generator\" content=\"All in One SEO (AIOSEO) 5.0.1.1\" \/>\n\t\t<meta property=\"og:locale\" content=\"es_ES\" \/>\n\t\t<meta property=\"og:site_name\" content=\"mesabuitrera.org -\" \/>\n\t\t<meta property=\"og:type\" content=\"article\" \/>\n\t\t<meta property=\"og:title\" content=\"Festival la Guatina - mesabuitrera.org\" \/>\n\t\t<meta property=\"og:description\" content=\"La Guatina, festival de arte y soberan\u00eda rural Jornada apote\u00f3sica se vivi\u00f3 en la celebraci\u00f3n del primer festival La Guatina, el 5 de noviembre de 2023. Visitantes y lugare\u00f1os asistieron a este evento de arte y soberan\u00eda rural en la que por primera vez nuestro corregimiento tuvo la oportunidad de disfrutar -especialmente las familias- en\" \/>\n\t\t<meta property=\"og:url\" content=\"https:\/\/mesabuitrera.org\/index.php\/festival-la-guatina\/\" \/>\n\t\t<meta property=\"og:image\" content=\"https:\/\/mesabuitrera.org\/wp-content\/uploads\/2023\/10\/cropped-cropped-mesa-buitrera-logo.jpg\" \/>\n\t\t<meta property=\"og:image:secure_url\" content=\"https:\/\/mesabuitrera.org\/wp-content\/uploads\/2023\/10\/cropped-cropped-mesa-buitrera-logo.jpg\" \/>\n\t\t<meta property=\"article:published_time\" content=\"2023-11-22T20:33:52+00:00\" \/>\n\t\t<meta property=\"article:modified_time\" content=\"2024-01-09T13:39:36+00:00\" \/>\n\t\t<meta name=\"twitter:card\" content=\"summary_large_image\" \/>\n\t\t<meta name=\"twitter:title\" content=\"Festival la Guatina - mesabuitrera.org\" \/>\n\t\t<meta name=\"twitter:description\" content=\"La Guatina, festival de arte y soberan\u00eda rural Jornada apote\u00f3sica se vivi\u00f3 en la celebraci\u00f3n del primer festival La Guatina, el 5 de noviembre de 2023. Visitantes y lugare\u00f1os asistieron a este evento de arte y soberan\u00eda rural en la que por primera vez nuestro corregimiento tuvo la oportunidad de disfrutar -especialmente las familias- en\" \/>\n\t\t<meta name=\"twitter:image\" content=\"https:\/\/mesabuitrera.org\/wp-content\/uploads\/2023\/10\/cropped-cropped-mesa-buitrera-logo.jpg\" \/>\n\t\t<script type=\"application\/ld+json\" class=\"aioseo-schema\">\n\t\t\t{\"@context\":\"https:\\\/\\\/schema.org\",\"@graph\":[{\"@type\":\"BreadcrumbList\",\"@id\":\"https:\\\/\\\/mesabuitrera.org\\\/index.php\\\/festival-la-guatina\\\/#breadcrumblist\",\"itemListElement\":[{\"@type\":\"ListItem\",\"@id\":\"https:\\\/\\\/mesabuitrera.org#listItem\",\"position\":1,\"name\":\"Home\",\"item\":\"https:\\\/\\\/mesabuitrera.org\",\"nextItem\":{\"@type\":\"ListItem\",\"@id\":\"https:\\\/\\\/mesabuitrera.org\\\/index.php\\\/festival-la-guatina\\\/#listItem\",\"name\":\"Festival la Guatina\"}},{\"@type\":\"ListItem\",\"@id\":\"https:\\\/\\\/mesabuitrera.org\\\/index.php\\\/festival-la-guatina\\\/#listItem\",\"position\":2,\"name\":\"Festival la Guatina\",\"previousItem\":{\"@type\":\"ListItem\",\"@id\":\"https:\\\/\\\/mesabuitrera.org#listItem\",\"name\":\"Home\"}}]},{\"@type\":\"Organization\",\"@id\":\"https:\\\/\\\/mesabuitrera.org\\\/#organization\",\"name\":\"mesabuitrera.org\",\"url\":\"https:\\\/\\\/mesabuitrera.org\\\/\",\"logo\":{\"@type\":\"ImageObject\",\"url\":\"https:\\\/\\\/mesabuitrera.org\\\/wp-content\\\/uploads\\\/2023\\\/10\\\/cropped-cropped-mesa-buitrera-logo.jpg\",\"@id\":\"https:\\\/\\\/mesabuitrera.org\\\/index.php\\\/festival-la-guatina\\\/#organizationLogo\",\"width\":512,\"height\":512},\"image\":{\"@id\":\"https:\\\/\\\/mesabuitrera.org\\\/index.php\\\/festival-la-guatina\\\/#organizationLogo\"}},{\"@type\":\"WebPage\",\"@id\":\"https:\\\/\\\/mesabuitrera.org\\\/index.php\\\/festival-la-guatina\\\/#webpage\",\"url\":\"https:\\\/\\\/mesabuitrera.org\\\/index.php\\\/festival-la-guatina\\\/\",\"name\":\"Festival la Guatina - mesabuitrera.org\",\"description\":\"La Guatina, festival de arte y soberan\\u00eda rural Jornada apote\\u00f3sica se vivi\\u00f3 en la celebraci\\u00f3n del primer festival La Guatina, el 5 de noviembre de 2023. Visitantes y lugare\\u00f1os asistieron a este evento de arte y soberan\\u00eda rural en la que por primera vez nuestro corregimiento tuvo la oportunidad de disfrutar -especialmente las familias- en\",\"inLanguage\":\"es-CO\",\"isPartOf\":{\"@id\":\"https:\\\/\\\/mesabuitrera.org\\\/#website\"},\"breadcrumb\":{\"@id\":\"https:\\\/\\\/mesabuitrera.org\\\/index.php\\\/festival-la-guatina\\\/#breadcrumblist\"},\"datePublished\":\"2023-11-22T20:33:52+00:00\",\"dateModified\":\"2024-01-09T13:39:36+00:00\"},{\"@type\":\"WebSite\",\"@id\":\"https:\\\/\\\/mesabuitrera.org\\\/#website\",\"url\":\"https:\\\/\\\/mesabuitrera.org\\\/\",\"name\":\"mesabuitrera.org\",\"inLanguage\":\"es-CO\",\"publisher\":{\"@id\":\"https:\\\/\\\/mesabuitrera.org\\\/#organization\"}}]}\n\t\t<\/script>\n\t\t<!-- All in One SEO -->\n\n","aioseo_head_json":{"title":"Festival la Guatina - mesabuitrera.org","description":"La Guatina, festival de arte y soberan\u00eda rural Jornada apote\u00f3sica se vivi\u00f3 en la celebraci\u00f3n del primer festival La Guatina, el 5 de noviembre de 2023. Visitantes y lugare\u00f1os asistieron a este evento de arte y soberan\u00eda rural en la que por primera vez nuestro corregimiento tuvo la oportunidad de disfrutar -especialmente las familias- en","canonical_url":"https:\/\/mesabuitrera.org\/index.php\/festival-la-guatina\/","robots":"max-image-preview:large","keywords":"","webmasterTools":{"miscellaneous":""},"schema":{"@context":"https:\/\/schema.org","@graph":[{"@type":"BreadcrumbList","@id":"https:\/\/mesabuitrera.org\/index.php\/festival-la-guatina\/#breadcrumblist","itemListElement":[{"@type":"ListItem","@id":"https:\/\/mesabuitrera.org#listItem","position":1,"name":"Home","item":"https:\/\/mesabuitrera.org","nextItem":{"@type":"ListItem","@id":"https:\/\/mesabuitrera.org\/index.php\/festival-la-guatina\/#listItem","name":"Festival la Guatina"}},{"@type":"ListItem","@id":"https:\/\/mesabuitrera.org\/index.php\/festival-la-guatina\/#listItem","position":2,"name":"Festival la Guatina","previousItem":{"@type":"ListItem","@id":"https:\/\/mesabuitrera.org#listItem","name":"Home"}}]},{"@type":"Organization","@id":"https:\/\/mesabuitrera.org\/#organization","name":"mesabuitrera.org","url":"https:\/\/mesabuitrera.org\/","logo":{"@type":"ImageObject","url":"https:\/\/mesabuitrera.org\/wp-content\/uploads\/2023\/10\/cropped-cropped-mesa-buitrera-logo.jpg","@id":"https:\/\/mesabuitrera.org\/index.php\/festival-la-guatina\/#organizationLogo","width":512,"height":512},"image":{"@id":"https:\/\/mesabuitrera.org\/index.php\/festival-la-guatina\/#organizationLogo"}},{"@type":"WebPage","@id":"https:\/\/mesabuitrera.org\/index.php\/festival-la-guatina\/#webpage","url":"https:\/\/mesabuitrera.org\/index.php\/festival-la-guatina\/","name":"Festival la Guatina - mesabuitrera.org","description":"La Guatina, festival de arte y soberan\u00eda rural Jornada apote\u00f3sica se vivi\u00f3 en la celebraci\u00f3n del primer festival La Guatina, el 5 de noviembre de 2023. Visitantes y lugare\u00f1os asistieron a este evento de arte y soberan\u00eda rural en la que por primera vez nuestro corregimiento tuvo la oportunidad de disfrutar -especialmente las familias- en","inLanguage":"es-CO","isPartOf":{"@id":"https:\/\/mesabuitrera.org\/#website"},"breadcrumb":{"@id":"https:\/\/mesabuitrera.org\/index.php\/festival-la-guatina\/#breadcrumblist"},"datePublished":"2023-11-22T20:33:52+00:00","dateModified":"2024-01-09T13:39:36+00:00"},{"@type":"WebSite","@id":"https:\/\/mesabuitrera.org\/#website","url":"https:\/\/mesabuitrera.org\/","name":"mesabuitrera.org","inLanguage":"es-CO","publisher":{"@id":"https:\/\/mesabuitrera.org\/#organization"}}]},"og:locale":"es_ES","og:site_name":"mesabuitrera.org -","og:type":"article","og:title":"Festival la Guatina - mesabuitrera.org","og:description":"La Guatina, festival de arte y soberan\u00eda rural Jornada apote\u00f3sica se vivi\u00f3 en la celebraci\u00f3n del primer festival La Guatina, el 5 de noviembre de 2023. Visitantes y lugare\u00f1os asistieron a este evento de arte y soberan\u00eda rural en la que por primera vez nuestro corregimiento tuvo la oportunidad de disfrutar -especialmente las familias- en","og:url":"https:\/\/mesabuitrera.org\/index.php\/festival-la-guatina\/","og:image":"https:\/\/mesabuitrera.org\/wp-content\/uploads\/2023\/10\/cropped-cropped-mesa-buitrera-logo.jpg","og:image:secure_url":"https:\/\/mesabuitrera.org\/wp-content\/uploads\/2023\/10\/cropped-cropped-mesa-buitrera-logo.jpg","article:published_time":"2023-11-22T20:33:52+00:00","article:modified_time":"2024-01-09T13:39:36+00:00","twitter:card":"summary_large_image","twitter:title":"Festival la Guatina - mesabuitrera.org","twitter:description":"La Guatina, festival de arte y soberan\u00eda rural Jornada apote\u00f3sica se vivi\u00f3 en la celebraci\u00f3n del primer festival La Guatina, el 5 de noviembre de 2023. Visitantes y lugare\u00f1os asistieron a este evento de arte y soberan\u00eda rural en la que por primera vez nuestro corregimiento tuvo la oportunidad de disfrutar -especialmente las familias- en","twitter:image":"https:\/\/mesabuitrera.org\/wp-content\/uploads\/2023\/10\/cropped-cropped-mesa-buitrera-logo.jpg"},"aioseo_meta_data":{"post_id":"2007","title":null,"description":null,"keywords":[],"keyphrases":{"focus":{"keyphrase":"","score":0,"analysis":{"keyphraseInTitle":{"score":0,"maxScore":9,"error":1}}},"additional":[]},"primary_term":null,"canonical_url":null,"og_title":null,"og_description":null,"og_object_type":"default","og_image_type":"default","og_image_url":null,"og_image_width":null,"og_image_height":null,"og_image_custom_url":null,"og_image_custom_fields":null,"og_video":"","og_custom_url":null,"og_article_section":null,"og_article_tags":[],"twitter_use_og":false,"twitter_card":"default","twitter_image_type":"default","twitter_image_url":null,"twitter_image_custom_url":null,"twitter_image_custom_fields":null,"twitter_title":null,"twitter_description":null,"schema":{"blockGraphs":[],"customGraphs":[],"default":{"data":{"Article":[],"Course":[],"Dataset":[],"FAQPage":[],"Movie":[],"Person":[],"Product":[],"ProductReview":[],"Car":[],"Recipe":[],"Service":[],"SoftwareApplication":[],"WebPage":[]},"graphName":"WebPage","isEnabled":true},"graphs":[]},"schema_type":"default","schema_type_options":null,"pillar_content":false,"robots_default":true,"robots_noindex":false,"robots_noarchive":false,"robots_nosnippet":false,"robots_nofollow":false,"robots_noimageindex":false,"robots_noodp":false,"robots_notranslate":false,"robots_max_snippet":"-1","robots_max_videopreview":"-1","robots_max_imagepreview":"large","priority":null,"frequency":"default","local_seo":null,"breadcrumb_settings":null,"limit_modified_date":false,"ai":null,"created":"2023-11-22 20:33:52","updated":"2025-06-04 21:03:12","seo_analyzer_scan_date":null,"focus_keyword":null,"additional_keywords":null,"truseo_locale":null},"aioseo_breadcrumb":"<div class=\"aioseo-breadcrumbs\"><span class=\"aioseo-breadcrumb\">\n\t\t\t<a href=\"https:\/\/mesabuitrera.org\" title=\"Home\">Home<\/a>\n\t\t<\/span><span class=\"aioseo-breadcrumb-separator\">&raquo;<\/span><span class=\"aioseo-breadcrumb\">\n\t\t\tFestival la Guatina\n\t\t<\/span><\/div>","aioseo_breadcrumb_json":[{"label":"Home","link":"https:\/\/mesabuitrera.org"},{"label":"Festival la Guatina","link":"https:\/\/mesabuitrera.org\/index.php\/festival-la-guatina\/"}],"_links":{"self":[{"href":"https:\/\/mesabuitrera.org\/index.php\/wp-json\/wp\/v2\/pages\/2007","targetHints":{"allow":["GET"]}}],"collection":[{"href":"https:\/\/mesabuitrera.org\/index.php\/wp-json\/wp\/v2\/pages"}],"about":[{"href":"https:\/\/mesabuitrera.org\/index.php\/wp-json\/wp\/v2\/types\/page"}],"author":[{"embeddable":true,"href":"https:\/\/mesabuitrera.org\/index.php\/wp-json\/wp\/v2\/users\/1"}],"replies":[{"embeddable":true,"href":"https:\/\/mesabuitrera.org\/index.php\/wp-json\/wp\/v2\/comments?post=2007"}],"version-history":[{"count":0,"href":"https:\/\/mesabuitrera.org\/index.php\/wp-json\/wp\/v2\/pages\/2007\/revisions"}],"wp:attachment":[{"href":"https:\/\/mesabuitrera.org\/index.php\/wp-json\/wp\/v2\/media?parent=2007"}],"curies":[{"name":"wp","href":"https:\/\/api.w.org\/{rel}","templated":true}]}}