{"id":2736,"date":"2024-01-08T14:01:27","date_gmt":"2024-01-08T14:01:27","guid":{"rendered":"https:\/\/mesabuitrera.org\/?page_id=2736"},"modified":"2025-02-12T11:59:46","modified_gmt":"2025-02-12T11:59:46","slug":"fundacion-pro-organica","status":"publish","type":"page","link":"https:\/\/mesabuitrera.org\/index.php\/miembros\/instituciones-y-fundaciones\/fundacion-pro-organica\/","title":{"rendered":"Fundaci\u00f3n Pro-Org\u00e1nica &#8211; Delegada: C. L. Mart\u00ednez   S: H. Dorado"},"content":{"rendered":"\t\t<div data-elementor-type=\"wp-page\" data-elementor-id=\"2736\" class=\"elementor elementor-2736\" data-elementor-post-type=\"page\">\n\t\t\t\t<div class=\"elementor-element elementor-element-55d7448 e-flex e-con-boxed e-con e-parent\" data-id=\"55d7448\" data-element_type=\"container\" data-e-type=\"container\">\n\t\t\t\t\t<div class=\"e-con-inner\">\n\t\t<div class=\"elementor-element elementor-element-2add633 e-con-full e-flex e-con e-child\" data-id=\"2add633\" data-element_type=\"container\" data-e-type=\"container\">\n\t\t\t\t<div class=\"elementor-element elementor-element-b2b8539 elementor-widget elementor-widget-heading\" data-id=\"b2b8539\" data-element_type=\"widget\" data-e-type=\"widget\" data-widget_type=\"heading.default\">\n\t\t\t\t<div class=\"elementor-widget-container\">\n\t\t\t\t\t<h2 class=\"elementor-heading-title elementor-size-default\">Fundaci\u00f3n PRO-ORG\u00c1NICA<\/h2>\t\t\t\t<\/div>\n\t\t\t\t<\/div>\n\t\t\t\t<div class=\"elementor-element elementor-element-6608c48 elementor-icon-list--layout-traditional elementor-list-item-link-full_width elementor-widget elementor-widget-icon-list\" data-id=\"6608c48\" data-element_type=\"widget\" data-e-type=\"widget\" data-widget_type=\"icon-list.default\">\n\t\t\t\t<div class=\"elementor-widget-container\">\n\t\t\t\t\t\t\t<ul class=\"elementor-icon-list-items\">\n\t\t\t\t\t\t\t<li class=\"elementor-icon-list-item\">\n\t\t\t\t\t\t\t\t\t\t\t<a href=\"https:\/\/pro-organica.org\/\">\n\n\t\t\t\t\t\t\t\t\t\t\t<span class=\"elementor-icon-list-text\">pro-organica.org<\/span>\n\t\t\t\t\t\t\t\t\t\t\t<\/a>\n\t\t\t\t\t\t\t\t\t<\/li>\n\t\t\t\t\t\t\t\t<li class=\"elementor-icon-list-item\">\n\t\t\t\t\t\t\t\t\t\t\t<a href=\"mailto:%20fundacion@pro-organica.org\">\n\n\t\t\t\t\t\t\t\t\t\t\t\t<span class=\"elementor-icon-list-icon\">\n\t\t\t\t\t\t\t<i aria-hidden=\"true\" class=\"fas fa-mail-bulk\"><\/i>\t\t\t\t\t\t<\/span>\n\t\t\t\t\t\t\t\t\t\t<span class=\"elementor-icon-list-text\">fundacion@pro-organica.org<\/span>\n\t\t\t\t\t\t\t\t\t\t\t<\/a>\n\t\t\t\t\t\t\t\t\t<\/li>\n\t\t\t\t\t\t<\/ul>\n\t\t\t\t\t\t<\/div>\n\t\t\t\t<\/div>\n\t\t\t\t<div class=\"elementor-element elementor-element-cdc08c2 elementor-widget elementor-widget-text-editor\" data-id=\"cdc08c2\" data-element_type=\"widget\" data-e-type=\"widget\" data-widget_type=\"text-editor.default\">\n\t\t\t\t<div class=\"elementor-widget-container\">\n\t\t\t\t\t\t\t\t\t<p>La Fundaci\u00f3n PRO-ORGANICA\u00a0es una Entidad no gubernamental (ONG) sin \u00e1nimo de lucro, fundada en Cali, Colombia, en 1991, y con su sede principal en el\u00a0<span style=\"font-size: 16px;\">\u00a0corregimiento rural de La Buitrera del municipio de Cali.<\/span><\/p>\t\t\t\t\t\t\t\t<\/div>\n\t\t\t\t<\/div>\n\t\t\t\t<\/div>\n\t\t<div class=\"elementor-element elementor-element-382fc33 e-con-full e-flex e-con e-child\" data-id=\"382fc33\" data-element_type=\"container\" data-e-type=\"container\">\n\t\t\t\t<div class=\"elementor-element elementor-element-382ed99 elementor-widget elementor-widget-image\" data-id=\"382ed99\" data-element_type=\"widget\" data-e-type=\"widget\" data-widget_type=\"image.default\">\n\t\t\t\t<div class=\"elementor-widget-container\">\n\t\t\t\t\t\t\t\t\t\t\t\t\t\t\t\t<a href=\"https:\/\/pro-organica.org\/\">\n\t\t\t\t\t\t\t<img fetchpriority=\"high\" decoding=\"async\" width=\"948\" height=\"464\" src=\"https:\/\/mesabuitrera.org\/wp-content\/uploads\/2024\/01\/LOGO-PRO-ORGANICA-2023_page-0001.jpg\" class=\"attachment-full size-full wp-image-2387\" alt=\"\" srcset=\"https:\/\/mesabuitrera.org\/wp-content\/uploads\/2024\/01\/LOGO-PRO-ORGANICA-2023_page-0001.jpg 948w, https:\/\/mesabuitrera.org\/wp-content\/uploads\/2024\/01\/LOGO-PRO-ORGANICA-2023_page-0001-300x147.jpg 300w, https:\/\/mesabuitrera.org\/wp-content\/uploads\/2024\/01\/LOGO-PRO-ORGANICA-2023_page-0001-768x376.jpg 768w\" sizes=\"(max-width: 948px) 100vw, 948px\" \/>\t\t\t\t\t\t\t\t<\/a>\n\t\t\t\t\t\t\t\t\t\t\t\t\t\t\t<\/div>\n\t\t\t\t<\/div>\n\t\t\t\t<\/div>\n\t\t\t\t\t<\/div>\n\t\t\t\t<\/div>\n\t\t\t\t<\/div>\n\t\t","protected":false},"excerpt":{"rendered":"<p>Fundaci\u00f3n PRO-ORG\u00c1NICA pro-organica.org fundacion@pro-organica.org La Fundaci\u00f3n PRO-ORGANICA\u00a0es una Entidad no gubernamental (ONG) sin \u00e1nimo de lucro, fundada en Cali, Colombia, en 1991, y con su sede principal en el\u00a0\u00a0corregimiento rural de La Buitrera del municipio de Cali.<\/p>\n","protected":false},"author":1,"featured_media":0,"parent":4666,"menu_order":0,"comment_status":"closed","ping_status":"closed","template":"","meta":{"_acf_changed":false,"om_disable_all_campaigns":false,"_monsterinsights_skip_tracking":false,"_monsterinsights_sitenote_active":false,"_monsterinsights_sitenote_note":"","_monsterinsights_sitenote_category":0,"footnotes":""},"class_list":["post-2736","page","type-page","status-publish","hentry"],"acf":[],"aioseo_notices":[],"_links":{"self":[{"href":"https:\/\/mesabuitrera.org\/index.php\/wp-json\/wp\/v2\/pages\/2736","targetHints":{"allow":["GET"]}}],"collection":[{"href":"https:\/\/mesabuitrera.org\/index.php\/wp-json\/wp\/v2\/pages"}],"about":[{"href":"https:\/\/mesabuitrera.org\/index.php\/wp-json\/wp\/v2\/types\/page"}],"author":[{"embeddable":true,"href":"https:\/\/mesabuitrera.org\/index.php\/wp-json\/wp\/v2\/users\/1"}],"replies":[{"embeddable":true,"href":"https:\/\/mesabuitrera.org\/index.php\/wp-json\/wp\/v2\/comments?post=2736"}],"version-history":[{"count":15,"href":"https:\/\/mesabuitrera.org\/index.php\/wp-json\/wp\/v2\/pages\/2736\/revisions"}],"predecessor-version":[{"id":4727,"href":"https:\/\/mesabuitrera.org\/index.php\/wp-json\/wp\/v2\/pages\/2736\/revisions\/4727"}],"up":[{"embeddable":true,"href":"https:\/\/mesabuitrera.org\/index.php\/wp-json\/wp\/v2\/pages\/4666"}],"wp:attachment":[{"href":"https:\/\/mesabuitrera.org\/index.php\/wp-json\/wp\/v2\/media?parent=2736"}],"curies":[{"name":"wp","href":"https:\/\/api.w.org\/{rel}","templated":true}]}}