{"id":4433,"date":"2024-11-02T19:57:33","date_gmt":"2024-11-02T19:57:33","guid":{"rendered":"https:\/\/mesabuitrera.org\/?page_id=4433"},"modified":"2026-01-29T21:36:40","modified_gmt":"2026-01-29T21:36:40","slug":"mapas","status":"publish","type":"page","link":"https:\/\/mesabuitrera.org\/index.php\/mapas\/","title":{"rendered":"Mapas"},"content":{"rendered":"\t\t<div data-elementor-type=\"wp-page\" data-elementor-id=\"4433\" class=\"elementor elementor-4433\" data-elementor-post-type=\"page\">\n\t\t\t\t<div class=\"elementor-element elementor-element-1170f39 e-flex e-con-boxed e-con e-parent\" data-id=\"1170f39\" data-element_type=\"container\" data-e-type=\"container\">\n\t\t\t\t\t<div class=\"e-con-inner\">\n\t\t<div class=\"elementor-element elementor-element-4d61055 e-con-full e-flex e-con e-child\" data-id=\"4d61055\" data-element_type=\"container\" data-e-type=\"container\">\n\t\t\t\t<div class=\"elementor-element elementor-element-b73fdb8 elementor-widget elementor-widget-heading\" data-id=\"b73fdb8\" data-element_type=\"widget\" data-e-type=\"widget\" data-widget_type=\"heading.default\">\n\t\t\t\t<div class=\"elementor-widget-container\">\n\t\t\t\t\t<h2 class=\"elementor-heading-title elementor-size-default\">Mapas de la regi\u00f3n<\/h2>\t\t\t\t<\/div>\n\t\t\t\t<\/div>\n\t\t\t\t<div class=\"elementor-element elementor-element-5b730e8 elementor-grid-3 elementor-grid-tablet-2 elementor-grid-mobile-1 elementor-posts--thumbnail-top elementor-widget elementor-widget-posts\" data-id=\"5b730e8\" data-element_type=\"widget\" data-e-type=\"widget\" data-settings=\"{&quot;classic_columns&quot;:&quot;3&quot;,&quot;classic_columns_tablet&quot;:&quot;2&quot;,&quot;classic_columns_mobile&quot;:&quot;1&quot;,&quot;classic_row_gap&quot;:{&quot;unit&quot;:&quot;px&quot;,&quot;size&quot;:35,&quot;sizes&quot;:[]},&quot;classic_row_gap_tablet&quot;:{&quot;unit&quot;:&quot;px&quot;,&quot;size&quot;:&quot;&quot;,&quot;sizes&quot;:[]},&quot;classic_row_gap_mobile&quot;:{&quot;unit&quot;:&quot;px&quot;,&quot;size&quot;:&quot;&quot;,&quot;sizes&quot;:[]}}\" data-widget_type=\"posts.classic\">\n\t\t\t\t<div class=\"elementor-widget-container\">\n\t\t\t\t\t\t\t<div class=\"elementor-posts-container elementor-posts elementor-posts--skin-classic elementor-grid\" role=\"list\">\n\t\t\t\t<article class=\"elementor-post elementor-grid-item post-4453 post type-post status-publish format-standard has-post-thumbnail hentry category-mapa1\" role=\"listitem\">\n\t\t\t\t<a class=\"elementor-post__thumbnail__link\" href=\"https:\/\/mesabuitrera.org\/index.php\/2024\/10\/17\/plano-general-de-la-buitrera-historica-rios-predios-y-vias\/\" tabindex=\"-1\" >\n\t\t\t<div class=\"elementor-post__thumbnail\"><img fetchpriority=\"high\" decoding=\"async\" width=\"2560\" height=\"1810\" src=\"https:\/\/mesabuitrera.org\/wp-content\/uploads\/2024\/11\/241102-mapa-1-portada-scaled.webp\" class=\"attachment-full size-full wp-image-4454\" alt=\"\" srcset=\"https:\/\/mesabuitrera.org\/wp-content\/uploads\/2024\/11\/241102-mapa-1-portada-scaled.webp 2560w, https:\/\/mesabuitrera.org\/wp-content\/uploads\/2024\/11\/241102-mapa-1-portada-300x212.webp 300w, https:\/\/mesabuitrera.org\/wp-content\/uploads\/2024\/11\/241102-mapa-1-portada-1024x724.webp 1024w, https:\/\/mesabuitrera.org\/wp-content\/uploads\/2024\/11\/241102-mapa-1-portada-768x543.webp 768w, https:\/\/mesabuitrera.org\/wp-content\/uploads\/2024\/11\/241102-mapa-1-portada-1536x1086.webp 1536w, https:\/\/mesabuitrera.org\/wp-content\/uploads\/2024\/11\/241102-mapa-1-portada-2048x1448.webp 2048w\" sizes=\"(max-width: 2560px) 100vw, 2560px\" \/><\/div>\n\t\t<\/a>\n\t\t\t\t<div class=\"elementor-post__text\">\n\t\t\t\t<h3 class=\"elementor-post__title\">\n\t\t\t<a href=\"https:\/\/mesabuitrera.org\/index.php\/2024\/10\/17\/plano-general-de-la-buitrera-historica-rios-predios-y-vias\/\" >\n\t\t\t\tPLANO GENERAL DE &#8216;LA BUITRERA HIST\u00d3RICA&#8217;; R\u00cdOS, PREDIOS Y V\u00cdAS\t\t\t<\/a>\n\t\t<\/h3>\n\t\t\n\t\t<a class=\"elementor-post__read-more\" href=\"https:\/\/mesabuitrera.org\/index.php\/2024\/10\/17\/plano-general-de-la-buitrera-historica-rios-predios-y-vias\/\" aria-label=\"Read more about PLANO GENERAL DE &#8216;LA BUITRERA HIST\u00d3RICA&#8217;; R\u00cdOS, PREDIOS Y V\u00cdAS\" tabindex=\"-1\" >\n\t\t\tClic aqu\u00ed para ver y compartir \u00bb\t\t<\/a>\n\n\t\t\t\t<\/div>\n\t\t\t\t<\/article>\n\t\t\t\t<article class=\"elementor-post elementor-grid-item post-4459 post type-post status-publish format-standard has-post-thumbnail hentry category-mapa-2\" role=\"listitem\">\n\t\t\t\t<a class=\"elementor-post__thumbnail__link\" href=\"https:\/\/mesabuitrera.org\/index.php\/2024\/10\/16\/mapa-de-la-cuenca-de-los-rios-lili-melendez-y-canaveralejo\/\" tabindex=\"-1\" >\n\t\t\t<div class=\"elementor-post__thumbnail\"><img decoding=\"async\" width=\"1792\" height=\"2560\" src=\"https:\/\/mesabuitrera.org\/wp-content\/uploads\/2024\/11\/241102-mapa-2-portada-scaled.webp\" class=\"attachment-full size-full wp-image-4460\" alt=\"\" srcset=\"https:\/\/mesabuitrera.org\/wp-content\/uploads\/2024\/11\/241102-mapa-2-portada-scaled.webp 1792w, https:\/\/mesabuitrera.org\/wp-content\/uploads\/2024\/11\/241102-mapa-2-portada-210x300.webp 210w, https:\/\/mesabuitrera.org\/wp-content\/uploads\/2024\/11\/241102-mapa-2-portada-717x1024.webp 717w, https:\/\/mesabuitrera.org\/wp-content\/uploads\/2024\/11\/241102-mapa-2-portada-768x1097.webp 768w, https:\/\/mesabuitrera.org\/wp-content\/uploads\/2024\/11\/241102-mapa-2-portada-1075x1536.webp 1075w, https:\/\/mesabuitrera.org\/wp-content\/uploads\/2024\/11\/241102-mapa-2-portada-1434x2048.webp 1434w\" sizes=\"(max-width: 1792px) 100vw, 1792px\" \/><\/div>\n\t\t<\/a>\n\t\t\t\t<div class=\"elementor-post__text\">\n\t\t\t\t<h3 class=\"elementor-post__title\">\n\t\t\t<a href=\"https:\/\/mesabuitrera.org\/index.php\/2024\/10\/16\/mapa-de-la-cuenca-de-los-rios-lili-melendez-y-canaveralejo\/\" >\n\t\t\t\tMAPA DE LA CUENCA DE LOS R\u00cdOS LILI, MEL\u00c9NDEZ Y CA\u00d1AVERALEJO\t\t\t<\/a>\n\t\t<\/h3>\n\t\t\n\t\t<a class=\"elementor-post__read-more\" href=\"https:\/\/mesabuitrera.org\/index.php\/2024\/10\/16\/mapa-de-la-cuenca-de-los-rios-lili-melendez-y-canaveralejo\/\" aria-label=\"Read more about MAPA DE LA CUENCA DE LOS R\u00cdOS LILI, MEL\u00c9NDEZ Y CA\u00d1AVERALEJO\" tabindex=\"-1\" >\n\t\t\tClic aqu\u00ed para ver y compartir \u00bb\t\t<\/a>\n\n\t\t\t\t<\/div>\n\t\t\t\t<\/article>\n\t\t\t\t<\/div>\n\t\t\n\t\t\t\t\t\t<\/div>\n\t\t\t\t<\/div>\n\t\t\t\t<\/div>\n\t\t\t\t\t<\/div>\n\t\t\t\t<\/div>\n\t\t\t\t<\/div>\n\t\t","protected":false},"excerpt":{"rendered":"<p>Mapas de la regi\u00f3n<\/p>\n","protected":false},"author":1,"featured_media":0,"parent":0,"menu_order":0,"comment_status":"closed","ping_status":"closed","template":"","meta":{"_acf_changed":false,"om_disable_all_campaigns":false,"_monsterinsights_skip_tracking":false,"_monsterinsights_sitenote_active":false,"_monsterinsights_sitenote_note":"","_monsterinsights_sitenote_category":0,"footnotes":""},"class_list":["post-4433","page","type-page","status-publish","hentry"],"acf":[],"aioseo_notices":[],"_links":{"self":[{"href":"https:\/\/mesabuitrera.org\/index.php\/wp-json\/wp\/v2\/pages\/4433","targetHints":{"allow":["GET"]}}],"collection":[{"href":"https:\/\/mesabuitrera.org\/index.php\/wp-json\/wp\/v2\/pages"}],"about":[{"href":"https:\/\/mesabuitrera.org\/index.php\/wp-json\/wp\/v2\/types\/page"}],"author":[{"embeddable":true,"href":"https:\/\/mesabuitrera.org\/index.php\/wp-json\/wp\/v2\/users\/1"}],"replies":[{"embeddable":true,"href":"https:\/\/mesabuitrera.org\/index.php\/wp-json\/wp\/v2\/comments?post=4433"}],"version-history":[{"count":28,"href":"https:\/\/mesabuitrera.org\/index.php\/wp-json\/wp\/v2\/pages\/4433\/revisions"}],"predecessor-version":[{"id":5298,"href":"https:\/\/mesabuitrera.org\/index.php\/wp-json\/wp\/v2\/pages\/4433\/revisions\/5298"}],"wp:attachment":[{"href":"https:\/\/mesabuitrera.org\/index.php\/wp-json\/wp\/v2\/media?parent=4433"}],"curies":[{"name":"wp","href":"https:\/\/api.w.org\/{rel}","templated":true}]}}