{"id":698,"date":"2023-10-19T20:43:10","date_gmt":"2023-10-19T20:43:10","guid":{"rendered":"https:\/\/mesabuitrera.org\/?page_id=698"},"modified":"2026-02-03T19:25:44","modified_gmt":"2026-02-03T19:25:44","slug":"correspondencia","status":"publish","type":"page","link":"https:\/\/mesabuitrera.org\/index.php\/correspondencia\/","title":{"rendered":"Correspondencia"},"content":{"rendered":"\t\t<div data-elementor-type=\"wp-page\" data-elementor-id=\"698\" class=\"elementor elementor-698\" data-elementor-post-type=\"page\">\n\t\t\t\t<div class=\"elementor-element elementor-element-43f499a e-con-full e-flex e-con e-parent\" data-id=\"43f499a\" data-element_type=\"container\" data-e-type=\"container\">\n\t\t\t\t<div class=\"elementor-element elementor-element-408520d elementor-widget elementor-widget-heading\" data-id=\"408520d\" data-element_type=\"widget\" data-e-type=\"widget\" data-widget_type=\"heading.default\">\n\t\t\t\t<div class=\"elementor-widget-container\">\n\t\t\t\t\t<h2 class=\"elementor-heading-title elementor-size-default\">Comunicados - Correspondencia<\/h2>\t\t\t\t<\/div>\n\t\t\t\t<\/div>\n\t\t\t\t<\/div>\n\t\t<div class=\"elementor-element elementor-element-9c3677d e-con-full e-flex e-con e-parent\" data-id=\"9c3677d\" data-element_type=\"container\" data-e-type=\"container\">\n\t\t<div class=\"elementor-element elementor-element-a27795a e-con-full e-flex e-con e-child\" data-id=\"a27795a\" data-element_type=\"container\" data-e-type=\"container\">\n\t\t\t\t<div class=\"elementor-element elementor-element-b0846f2 elementor-widget elementor-widget-heading\" data-id=\"b0846f2\" data-element_type=\"widget\" data-e-type=\"widget\" data-widget_type=\"heading.default\">\n\t\t\t\t<div class=\"elementor-widget-container\">\n\t\t\t\t\t<h4 class=\"elementor-heading-title elementor-size-default\">Comunicados de prensa<\/h4>\t\t\t\t<\/div>\n\t\t\t\t<\/div>\n\t\t\t\t<div class=\"elementor-element elementor-element-c9329f0 elementor-grid-1 elementor-posts--thumbnail-none elementor-grid-tablet-2 elementor-grid-mobile-1 elementor-widget elementor-widget-posts\" data-id=\"c9329f0\" data-element_type=\"widget\" data-e-type=\"widget\" data-settings=\"{&quot;classic_columns&quot;:&quot;1&quot;,&quot;classic_row_gap&quot;:{&quot;unit&quot;:&quot;px&quot;,&quot;size&quot;:10,&quot;sizes&quot;:[]},&quot;classic_columns_tablet&quot;:&quot;2&quot;,&quot;classic_columns_mobile&quot;:&quot;1&quot;,&quot;classic_row_gap_tablet&quot;:{&quot;unit&quot;:&quot;px&quot;,&quot;size&quot;:&quot;&quot;,&quot;sizes&quot;:[]},&quot;classic_row_gap_mobile&quot;:{&quot;unit&quot;:&quot;px&quot;,&quot;size&quot;:&quot;&quot;,&quot;sizes&quot;:[]}}\" data-widget_type=\"posts.classic\">\n\t\t\t\t<div class=\"elementor-widget-container\">\n\t\t\t\t\t\t\t<div class=\"elementor-posts-container elementor-posts elementor-posts--skin-classic elementor-grid\" role=\"list\">\n\t\t\t\t<article class=\"elementor-post elementor-grid-item post-5160 post type-post status-publish format-standard hentry category-cdep-2026\" role=\"listitem\">\n\t\t\t\t<div class=\"elementor-post__text\">\n\t\t\t\t<h3 class=\"elementor-post__title\">\n\t\t\t<a href=\"https:\/\/mesabuitrera.org\/index.php\/2026\/01\/29\/260129-comunicado-del-comite-ambiental-de-la-buitrera-en-respuesta-a-las-alegaciones-de-la-edil-ingrid-gallegos-de-la-jal-del-21-de-enero\/\" >\n\t\t\t\t260129 &#8211; COMUNICADO DEL COMIT\u00c9 AMBIENTAL DE LA BUITRERA en respuesta a las alegaciones de la edil Ingrid Gallegos de la JAL del 21 de enero\t\t\t<\/a>\n\t\t<\/h3>\n\t\t\t\t<\/div>\n\t\t\t\t<\/article>\n\t\t\t\t<article class=\"elementor-post elementor-grid-item post-5151 post type-post status-publish format-standard hentry category-cdep-2026\" role=\"listitem\">\n\t\t\t\t<div class=\"elementor-post__text\">\n\t\t\t\t<h3 class=\"elementor-post__title\">\n\t\t\t<a href=\"https:\/\/mesabuitrera.org\/index.php\/2026\/01\/29\/comunicado-del-comite-ambiental-de-la-buitrera\/\" >\n\t\t\t\t260129 &#8211; Comunicado del Comit\u00e9 Ambiental de La Buitrera\t\t\t<\/a>\n\t\t<\/h3>\n\t\t\t\t<\/div>\n\t\t\t\t<\/article>\n\t\t\t\t<article class=\"elementor-post elementor-grid-item post-5406 post type-post status-publish format-standard has-post-thumbnail hentry category-cdep-2025\" role=\"listitem\">\n\t\t\t\t<div class=\"elementor-post__text\">\n\t\t\t\t<h3 class=\"elementor-post__title\">\n\t\t\t<a href=\"https:\/\/mesabuitrera.org\/index.php\/2025\/11\/17\/comunicadodel-comite-ambiental-de-labuitrera-eje-sur\/\" >\n\t\t\t\t251117 COMUNICADODEL COMIT\u00c9 AMBIENTAL DE LABUITRERA (eje Sur)\t\t\t<\/a>\n\t\t<\/h3>\n\t\t\t\t<\/div>\n\t\t\t\t<\/article>\n\t\t\t\t<article class=\"elementor-post elementor-grid-item post-4486 post type-post status-publish format-standard hentry category-cdep-2024\" role=\"listitem\">\n\t\t\t\t<div class=\"elementor-post__text\">\n\t\t\t\t<h3 class=\"elementor-post__title\">\n\t\t\t<a href=\"https:\/\/mesabuitrera.org\/index.php\/2024\/12\/11\/alcaldia-de-cali-no-le-ha-cumplido-al-sector-rural\/\" >\n\t\t\t\t241211 &#8211; Alcald\u00eda de Cali no le ha cumplido al sector rural\t\t\t<\/a>\n\t\t<\/h3>\n\t\t\t\t<\/div>\n\t\t\t\t<\/article>\n\t\t\t\t<article class=\"elementor-post elementor-grid-item post-4515 post type-post status-publish format-standard hentry category-cdep-2024\" role=\"listitem\">\n\t\t\t\t<div class=\"elementor-post__text\">\n\t\t\t\t<h3 class=\"elementor-post__title\">\n\t\t\t<a href=\"https:\/\/mesabuitrera.org\/index.php\/2024\/12\/09\/241209-afectacion-por-avaluos-catastrales-y-estratificacion-rural-sin-solucion\/\" >\n\t\t\t\t241209 &#8211; Afectaci\u00f3n por Aval\u00faos Catastrales y Estratificaci\u00f3n Rural sin soluci\u00f3n\t\t\t<\/a>\n\t\t<\/h3>\n\t\t\t\t<\/div>\n\t\t\t\t<\/article>\n\t\t\t\t<article class=\"elementor-post elementor-grid-item post-4527 post type-post status-publish format-standard hentry category-cdep-2024\" role=\"listitem\">\n\t\t\t\t<div class=\"elementor-post__text\">\n\t\t\t\t<h3 class=\"elementor-post__title\">\n\t\t\t<a href=\"https:\/\/mesabuitrera.org\/index.php\/2024\/11\/29\/241129-cierre-solicitud-colectiva-revision-avaluo-catastral\/\" >\n\t\t\t\t241129 &#8211; Cierre solicitud colectiva revisi\u00f3n aval\u00fao catastral\t\t\t<\/a>\n\t\t<\/h3>\n\t\t\t\t<\/div>\n\t\t\t\t<\/article>\n\t\t\t\t<article class=\"elementor-post elementor-grid-item post-4533 post type-post status-publish format-standard hentry category-cdep-2024\" role=\"listitem\">\n\t\t\t\t<div class=\"elementor-post__text\">\n\t\t\t\t<h3 class=\"elementor-post__title\">\n\t\t\t<a href=\"https:\/\/mesabuitrera.org\/index.php\/2024\/11\/24\/241108-zafarrancho-en-acuabuitrera-alrededor-de-la-ptar-del-plan\/\" >\n\t\t\t\t241108 &#8211; ZAFARRANCHO EN ACUABUITRERA alrededor de la PTAR del PLAN\t\t\t<\/a>\n\t\t<\/h3>\n\t\t\t\t<\/div>\n\t\t\t\t<\/article>\n\t\t\t\t<article class=\"elementor-post elementor-grid-item post-4530 post type-post status-publish format-standard hentry category-cdep-2024\" role=\"listitem\">\n\t\t\t\t<div class=\"elementor-post__text\">\n\t\t\t\t<h3 class=\"elementor-post__title\">\n\t\t\t<a href=\"https:\/\/mesabuitrera.org\/index.php\/2024\/11\/11\/241111-canal-paz-social-edicion-4\/\" >\n\t\t\t\t241111 &#8211; Canal paz social &#8211; edici\u00f3n 4\t\t\t<\/a>\n\t\t<\/h3>\n\t\t\t\t<\/div>\n\t\t\t\t<\/article>\n\t\t\t\t<article class=\"elementor-post elementor-grid-item post-4347 post type-post status-publish format-standard has-post-thumbnail hentry category-cdep-2024\" role=\"listitem\">\n\t\t\t\t<div class=\"elementor-post__text\">\n\t\t\t\t<h3 class=\"elementor-post__title\">\n\t\t\t<a href=\"https:\/\/mesabuitrera.org\/index.php\/2024\/09\/10\/comunicado-del-consejo-municipal-de-desarrollo-rural\/\" >\n\t\t\t\t240910 &#8211; Comunicado del Consejo municipal de desarrollo rural\t\t\t<\/a>\n\t\t<\/h3>\n\t\t\t\t<\/div>\n\t\t\t\t<\/article>\n\t\t\t\t<article class=\"elementor-post elementor-grid-item post-4505 post type-post status-publish format-standard hentry category-cdep-2024\" role=\"listitem\">\n\t\t\t\t<div class=\"elementor-post__text\">\n\t\t\t\t<h3 class=\"elementor-post__title\">\n\t\t\t<a href=\"https:\/\/mesabuitrera.org\/index.php\/2024\/06\/30\/240430-avaluo-catastral-e-impuesto-predial\/\" >\n\t\t\t\t240630 &#8211; Aval\u00fao catastral e impuesto predial\t\t\t<\/a>\n\t\t<\/h3>\n\t\t\t\t<\/div>\n\t\t\t\t<\/article>\n\t\t\t\t<article class=\"elementor-post elementor-grid-item post-4521 post type-post status-publish format-standard hentry category-cdep-2024\" role=\"listitem\">\n\t\t\t\t<div class=\"elementor-post__text\">\n\t\t\t\t<h3 class=\"elementor-post__title\">\n\t\t\t<a href=\"https:\/\/mesabuitrera.org\/index.php\/2024\/06\/25\/240625-catastro-predial-comunicado-de-la-mesa\/\" >\n\t\t\t\t240625 &#8211; CATASTRO-PREDIAL &#8211; Comunicado de la MESA\t\t\t<\/a>\n\t\t<\/h3>\n\t\t\t\t<\/div>\n\t\t\t\t<\/article>\n\t\t\t\t<article class=\"elementor-post elementor-grid-item post-3538 post type-post status-publish format-standard has-post-thumbnail hentry category-cdep-2024\" role=\"listitem\">\n\t\t\t\t<div class=\"elementor-post__text\">\n\t\t\t\t<h3 class=\"elementor-post__title\">\n\t\t\t<a href=\"https:\/\/mesabuitrera.org\/index.php\/2024\/04\/30\/avaluo-catastral-e-impuesto-predial\/\" >\n\t\t\t\tAval\u00fao catastral e impuesto predial\t\t\t<\/a>\n\t\t<\/h3>\n\t\t\t\t<\/div>\n\t\t\t\t<\/article>\n\t\t\t\t<article class=\"elementor-post elementor-grid-item post-4503 post type-post status-publish format-standard hentry category-cdep-2024\" role=\"listitem\">\n\t\t\t\t<div class=\"elementor-post__text\">\n\t\t\t\t<h3 class=\"elementor-post__title\">\n\t\t\t<a href=\"https:\/\/mesabuitrera.org\/index.php\/2024\/03\/16\/240316-zonas-rurales-avaluo-catastral\/\" >\n\t\t\t\t240316 &#8211; Zonas rurales &#8211; Aval\u00fao catastral\t\t\t<\/a>\n\t\t<\/h3>\n\t\t\t\t<\/div>\n\t\t\t\t<\/article>\n\t\t\t\t<article class=\"elementor-post elementor-grid-item post-4501 post type-post status-publish format-standard hentry category-cdep-2023\" role=\"listitem\">\n\t\t\t\t<div class=\"elementor-post__text\">\n\t\t\t\t<h3 class=\"elementor-post__title\">\n\t\t\t<a href=\"https:\/\/mesabuitrera.org\/index.php\/2023\/10\/13\/231013-emergencia-ambiental-e-institucional\/\" >\n\t\t\t\t231013 &#8211; Emergencia ambiental e institucional\t\t\t<\/a>\n\t\t<\/h3>\n\t\t\t\t<\/div>\n\t\t\t\t<\/article>\n\t\t\t\t<article class=\"elementor-post elementor-grid-item post-4499 post type-post status-publish format-standard hentry category-cdep-2023\" role=\"listitem\">\n\t\t\t\t<div class=\"elementor-post__text\">\n\t\t\t\t<h3 class=\"elementor-post__title\">\n\t\t\t<a href=\"https:\/\/mesabuitrera.org\/index.php\/2023\/08\/13\/230813-comunicado-de-prensa-pb23-088\/\" >\n\t\t\t\t230813 &#8211; Comunicado de prensa PB23-088\t\t\t<\/a>\n\t\t<\/h3>\n\t\t\t\t<\/div>\n\t\t\t\t<\/article>\n\t\t\t\t<article class=\"elementor-post elementor-grid-item post-4494 post type-post status-publish format-standard hentry category-cdep-2023\" role=\"listitem\">\n\t\t\t\t<div class=\"elementor-post__text\">\n\t\t\t\t<h3 class=\"elementor-post__title\">\n\t\t\t<a href=\"https:\/\/mesabuitrera.org\/index.php\/2023\/06\/14\/230614-distrito-buitrera-boletin-de-prensa-junio-14\/\" >\n\t\t\t\t230614 &#8211; Distrito &#8211; Buitrera &#8211; Bolet\u00edn de prensa &#8211; junio 14\t\t\t<\/a>\n\t\t<\/h3>\n\t\t\t\t<\/div>\n\t\t\t\t<\/article>\n\t\t\t\t<article class=\"elementor-post elementor-grid-item post-4489 post type-post status-publish format-standard hentry category-cdep-2023\" role=\"listitem\">\n\t\t\t\t<div class=\"elementor-post__text\">\n\t\t\t\t<h3 class=\"elementor-post__title\">\n\t\t\t<a href=\"https:\/\/mesabuitrera.org\/index.php\/2023\/06\/06\/230606-distrito-buitrera-boletin-de-prensa-junio-6\/\" >\n\t\t\t\t230606 &#8211; Distrito &#8211; Buitrera &#8211; Bolet\u00edn de prensa &#8211; Junio 6\t\t\t<\/a>\n\t\t<\/h3>\n\t\t\t\t<\/div>\n\t\t\t\t<\/article>\n\t\t\t\t<article class=\"elementor-post elementor-grid-item post-4524 post type-post status-publish format-standard hentry category-cdep-2023\" role=\"listitem\">\n\t\t\t\t<div class=\"elementor-post__text\">\n\t\t\t\t<h3 class=\"elementor-post__title\">\n\t\t\t<a href=\"https:\/\/mesabuitrera.org\/index.php\/2023\/06\/06\/230606-solicitud-colectiva-de-revision-del-avaluo-catastral\/\" >\n\t\t\t\t230606 &#8211; Solicitud colectiva de revision del aval\u00fao catastral\t\t\t<\/a>\n\t\t<\/h3>\n\t\t\t\t<\/div>\n\t\t\t\t<\/article>\n\t\t\t\t<\/div>\n\t\t\n\t\t\t\t\t\t<\/div>\n\t\t\t\t<\/div>\n\t\t\t\t<\/div>\n\t\t<div class=\"elementor-element elementor-element-34e2043 e-con-full e-flex e-con e-child\" data-id=\"34e2043\" data-element_type=\"container\" data-e-type=\"container\">\n\t\t\t\t<div class=\"elementor-element elementor-element-68c0152 elementor-widget elementor-widget-heading\" data-id=\"68c0152\" data-element_type=\"widget\" data-e-type=\"widget\" data-widget_type=\"heading.default\">\n\t\t\t\t<div class=\"elementor-widget-container\">\n\t\t\t\t\t<h4 class=\"elementor-heading-title elementor-size-default\">Correspondencia enviada - Derechos de Petici\u00f3n<\/h4>\t\t\t\t<\/div>\n\t\t\t\t<\/div>\n\t\t\t\t<div class=\"elementor-element elementor-element-329f940 elementor-icon-list--layout-traditional elementor-list-item-link-full_width elementor-widget elementor-widget-icon-list\" data-id=\"329f940\" data-element_type=\"widget\" data-e-type=\"widget\" data-widget_type=\"icon-list.default\">\n\t\t\t\t<div class=\"elementor-widget-container\">\n\t\t\t\t\t\t\t<ul class=\"elementor-icon-list-items\">\n\t\t\t\t\t\t\t<li class=\"elementor-icon-list-item\">\n\t\t\t\t\t\t\t\t\t\t\t<a href=\"http:\/\/mesabuitrera.org\/wp-content\/uploads\/2023\/10\/P22-159-BUITRERA-Mesa-de-Gobierno-Oficio-para-la-Alcaldia-Dic.-24.pdf\">\n\n\t\t\t\t\t\t\t\t\t\t\t\t<span class=\"elementor-icon-list-icon\">\n\t\t\t\t\t\t\t<i aria-hidden=\"true\" class=\"fas fa-envelope\"><\/i>\t\t\t\t\t\t<\/span>\n\t\t\t\t\t\t\t\t\t\t<span class=\"elementor-icon-list-text\">221224 - Alcald\u00eda<\/span>\n\t\t\t\t\t\t\t\t\t\t\t<\/a>\n\t\t\t\t\t\t\t\t\t<\/li>\n\t\t\t\t\t\t\t\t<li class=\"elementor-icon-list-item\">\n\t\t\t\t\t\t\t\t\t\t\t<a href=\"http:\/\/mesabuitrera.org\/wp-content\/uploads\/2023\/10\/P22-87-Concejo-de-Cali-carta-de-la-Comunidad-de-La-Buitrera-Julio-22-1.pdf\">\n\n\t\t\t\t\t\t\t\t\t\t\t\t<span class=\"elementor-icon-list-icon\">\n\t\t\t\t\t\t\t<i aria-hidden=\"true\" class=\"fas fa-envelope\"><\/i>\t\t\t\t\t\t<\/span>\n\t\t\t\t\t\t\t\t\t\t<span class=\"elementor-icon-list-text\">2022 Julio - Concejo de Cali<\/span>\n\t\t\t\t\t\t\t\t\t\t\t<\/a>\n\t\t\t\t\t\t\t\t\t<\/li>\n\t\t\t\t\t\t\t\t<li class=\"elementor-icon-list-item\">\n\t\t\t\t\t\t\t\t\t\t\t<a href=\"http:\/\/mesabuitrera.org\/wp-content\/uploads\/2023\/10\/PC22-118-PO-CH-Propuestas-de-cambios-legislativos-octubre-31-2.pdf\">\n\n\t\t\t\t\t\t\t\t\t\t\t\t<span class=\"elementor-icon-list-icon\">\n\t\t\t\t\t\t\t<i aria-hidden=\"true\" class=\"fas fa-envelope\"><\/i>\t\t\t\t\t\t<\/span>\n\t\t\t\t\t\t\t\t\t\t<span class=\"elementor-icon-list-text\">221031 - Gobierno nacional<\/span>\n\t\t\t\t\t\t\t\t\t\t\t<\/a>\n\t\t\t\t\t\t\t\t\t<\/li>\n\t\t\t\t\t\t<\/ul>\n\t\t\t\t\t\t<\/div>\n\t\t\t\t<\/div>\n\t\t\t\t<div class=\"elementor-element elementor-element-1399c7d elementor-icon-list--layout-traditional elementor-list-item-link-full_width elementor-widget elementor-widget-icon-list\" data-id=\"1399c7d\" data-element_type=\"widget\" data-e-type=\"widget\" data-widget_type=\"icon-list.default\">\n\t\t\t\t<div class=\"elementor-widget-container\">\n\t\t\t\t\t\t\t<ul class=\"elementor-icon-list-items\">\n\t\t\t\t\t\t\t<li class=\"elementor-icon-list-item\">\n\t\t\t\t\t\t\t\t\t\t\t<a href=\"http:\/\/mesabuitrera.org\/wp-content\/uploads\/2023\/10\/P22-85-Distrito-Derecho-de-peticion-de-La-Buitrera-al-Concejo-municipal-julio-22-1.pdf\">\n\n\t\t\t\t\t\t\t\t\t\t\t\t<span class=\"elementor-icon-list-icon\">\n\t\t\t\t\t\t\t<i aria-hidden=\"true\" class=\"fas fa-list-ul\"><\/i>\t\t\t\t\t\t<\/span>\n\t\t\t\t\t\t\t\t\t\t<span class=\"elementor-icon-list-text\">220721DP - Concejo municipal<\/span>\n\t\t\t\t\t\t\t\t\t\t\t<\/a>\n\t\t\t\t\t\t\t\t\t<\/li>\n\t\t\t\t\t\t\t\t<li class=\"elementor-icon-list-item\">\n\t\t\t\t\t\t\t\t\t\t\t<a href=\"http:\/\/mesabuitrera.org\/wp-content\/uploads\/2023\/10\/P23-062-MESA-DE-GOBERNANZA-BUITRERA-Derecho-Mayo-15-1.pdf\">\n\n\t\t\t\t\t\t\t\t\t\t\t\t<span class=\"elementor-icon-list-icon\">\n\t\t\t\t\t\t\t<i aria-hidden=\"true\" class=\"fas fa-list-ul\"><\/i>\t\t\t\t\t\t<\/span>\n\t\t\t\t\t\t\t\t\t\t<span class=\"elementor-icon-list-text\">230515DP - Departamento Administrativo de Hacienda Municipal Cali<\/span>\n\t\t\t\t\t\t\t\t\t\t\t<\/a>\n\t\t\t\t\t\t\t\t\t<\/li>\n\t\t\t\t\t\t<\/ul>\n\t\t\t\t\t\t<\/div>\n\t\t\t\t<\/div>\n\t\t\t\t<\/div>\n\t\t<div class=\"elementor-element elementor-element-83b4f3e e-con-full e-flex e-con e-child\" data-id=\"83b4f3e\" data-element_type=\"container\" data-e-type=\"container\">\n\t\t\t\t<div class=\"elementor-element elementor-element-1614585 elementor-widget elementor-widget-heading\" data-id=\"1614585\" data-element_type=\"widget\" data-e-type=\"widget\" data-widget_type=\"heading.default\">\n\t\t\t\t<div class=\"elementor-widget-container\">\n\t\t\t\t\t<h4 class=\"elementor-heading-title elementor-size-default\">Correspondencia recibida<\/h4>\t\t\t\t<\/div>\n\t\t\t\t<\/div>\n\t\t\t\t<div class=\"elementor-element elementor-element-e24ec7f elementor-icon-list--layout-traditional elementor-list-item-link-full_width elementor-widget elementor-widget-icon-list\" data-id=\"e24ec7f\" data-element_type=\"widget\" data-e-type=\"widget\" data-widget_type=\"icon-list.default\">\n\t\t\t\t<div class=\"elementor-widget-container\">\n\t\t\t\t\t\t\t<ul class=\"elementor-icon-list-items\">\n\t\t\t\t\t\t\t<li class=\"elementor-icon-list-item\">\n\t\t\t\t\t\t\t\t\t\t\t<a href=\"http:\/\/mesabuitrera.org\/wp-content\/uploads\/2023\/10\/27.07.2022-Respuesta-peticion-Comunidad-la-Buitrera-JMCH4.pdf\">\n\n\t\t\t\t\t\t\t\t\t\t\t\t<span class=\"elementor-icon-list-icon\">\n\t\t\t\t\t\t\t<i aria-hidden=\"true\" class=\"fas fa-envelope-open-text\"><\/i>\t\t\t\t\t\t<\/span>\n\t\t\t\t\t\t\t\t\t\t<span class=\"elementor-icon-list-text\">220727 - Concejo Santiago de Cali<\/span>\n\t\t\t\t\t\t\t\t\t\t\t<\/a>\n\t\t\t\t\t\t\t\t\t<\/li>\n\t\t\t\t\t\t\t\t<li class=\"elementor-icon-list-item\">\n\t\t\t\t\t\t\t\t\t\t\t<a href=\"http:\/\/mesabuitrera.org\/wp-content\/uploads\/2023\/10\/Oficio-Respuesta-hacienda-Tesoreria-Recaudo-Buitrera-por-Imptos-1.pdf\">\n\n\t\t\t\t\t\t\t\t\t\t\t\t<span class=\"elementor-icon-list-icon\">\n\t\t\t\t\t\t\t<i aria-hidden=\"true\" class=\"fas fa-envelope-open-text\"><\/i>\t\t\t\t\t\t<\/span>\n\t\t\t\t\t\t\t\t\t\t<span class=\"elementor-icon-list-text\">220504 - Secretaria de Desarrollo Territorial y Participaci\u00f3n Ciudadana, alcald\u00eda de Cali<\/span>\n\t\t\t\t\t\t\t\t\t\t\t<\/a>\n\t\t\t\t\t\t\t\t\t<\/li>\n\t\t\t\t\t\t\t\t<li class=\"elementor-icon-list-item\">\n\t\t\t\t\t\t\t\t\t\t\t<a href=\"http:\/\/mesabuitrera.org\/wp-content\/uploads\/2023\/10\/220427-Respuesta-de-catastro.pdf\">\n\n\t\t\t\t\t\t\t\t\t\t\t\t<span class=\"elementor-icon-list-icon\">\n\t\t\t\t\t\t\t<i aria-hidden=\"true\" class=\"fas fa-envelope-open-text\"><\/i>\t\t\t\t\t\t<\/span>\n\t\t\t\t\t\t\t\t\t\t<span class=\"elementor-icon-list-text\">220427 - Secretaria de Desarrollo Territorial y Participaci\u00f3n Ciudadana, alcald\u00eda de Cali<\/span>\n\t\t\t\t\t\t\t\t\t\t\t<\/a>\n\t\t\t\t\t\t\t\t\t<\/li>\n\t\t\t\t\t\t<\/ul>\n\t\t\t\t\t\t<\/div>\n\t\t\t\t<\/div>\n\t\t\t\t<\/div>\n\t\t\t\t<\/div>\n\t\t\t\t<\/div>\n\t\t","protected":false},"excerpt":{"rendered":"<p>Comunicados &#8211; Correspondencia Comunicados de prensa Correspondencia enviada &#8211; Derechos de Petici\u00f3n 221224 &#8211; Alcald\u00eda 2022 Julio &#8211; Concejo de Cali 221031 &#8211; Gobierno nacional<\/p>\n","protected":false},"author":1,"featured_media":0,"parent":0,"menu_order":0,"comment_status":"closed","ping_status":"closed","template":"","meta":{"_acf_changed":false,"om_disable_all_campaigns":false,"_monsterinsights_skip_tracking":false,"_monsterinsights_sitenote_active":false,"_monsterinsights_sitenote_note":"","_monsterinsights_sitenote_category":0,"footnotes":""},"class_list":["post-698","page","type-page","status-publish","hentry"],"acf":[],"aioseo_notices":[],"_links":{"self":[{"href":"https:\/\/mesabuitrera.org\/index.php\/wp-json\/wp\/v2\/pages\/698","targetHints":{"allow":["GET"]}}],"collection":[{"href":"https:\/\/mesabuitrera.org\/index.php\/wp-json\/wp\/v2\/pages"}],"about":[{"href":"https:\/\/mesabuitrera.org\/index.php\/wp-json\/wp\/v2\/types\/page"}],"author":[{"embeddable":true,"href":"https:\/\/mesabuitrera.org\/index.php\/wp-json\/wp\/v2\/users\/1"}],"replies":[{"embeddable":true,"href":"https:\/\/mesabuitrera.org\/index.php\/wp-json\/wp\/v2\/comments?post=698"}],"version-history":[{"count":268,"href":"https:\/\/mesabuitrera.org\/index.php\/wp-json\/wp\/v2\/pages\/698\/revisions"}],"predecessor-version":[{"id":5413,"href":"https:\/\/mesabuitrera.org\/index.php\/wp-json\/wp\/v2\/pages\/698\/revisions\/5413"}],"wp:attachment":[{"href":"https:\/\/mesabuitrera.org\/index.php\/wp-json\/wp\/v2\/media?parent=698"}],"curies":[{"name":"wp","href":"https:\/\/api.w.org\/{rel}","templated":true}]}}