{"id":824,"date":"2023-10-20T16:10:36","date_gmt":"2023-10-20T16:10:36","guid":{"rendered":"https:\/\/mesabuitrera.org\/?page_id=824"},"modified":"2024-01-08T14:27:27","modified_gmt":"2024-01-08T14:27:27","slug":"fundaciones-asociaciones","status":"publish","type":"page","link":"https:\/\/mesabuitrera.org\/index.php\/fundaciones-asociaciones\/","title":{"rendered":"Fundaciones, Asociaciones"},"content":{"rendered":"\t\t<div data-elementor-type=\"wp-page\" data-elementor-id=\"824\" class=\"elementor elementor-824\" data-elementor-post-type=\"page\">\n\t\t\t\t<div class=\"elementor-element elementor-element-b75d9cf e-flex e-con-boxed e-con e-parent\" data-id=\"b75d9cf\" data-element_type=\"container\" data-e-type=\"container\">\n\t\t\t\t\t<div class=\"e-con-inner\">\n\t\t\t\t<div class=\"elementor-element elementor-element-df16673 elementor-widget elementor-widget-heading\" data-id=\"df16673\" data-element_type=\"widget\" data-e-type=\"widget\" data-widget_type=\"heading.default\">\n\t\t\t\t<div class=\"elementor-widget-container\">\n\t\t\t\t\t<h2 class=\"elementor-heading-title elementor-size-default\">Fundaciones - Asociaciones<\/h2>\t\t\t\t<\/div>\n\t\t\t\t<\/div>\n\t\t\t\t<div class=\"elementor-element elementor-element-718bd61 elementor-widget elementor-widget-text-editor\" data-id=\"718bd61\" data-element_type=\"widget\" data-e-type=\"widget\" data-widget_type=\"text-editor.default\">\n\t\t\t\t<div class=\"elementor-widget-container\">\n\t\t\t\t\t\t\t\t\t<p>Entidades establecidas en el corregimiento La Buitrera vinculadas a la <strong>MESA DE GOBERNANZA LA BUITRERA<\/strong>:<\/p>\t\t\t\t\t\t\t\t<\/div>\n\t\t\t\t<\/div>\n\t\t\t\t<div class=\"elementor-element elementor-element-7e52db3 elementor-nav-menu__align-start elementor-nav-menu--dropdown-tablet elementor-nav-menu__text-align-aside elementor-nav-menu--toggle elementor-nav-menu--burger elementor-widget elementor-widget-nav-menu\" data-id=\"7e52db3\" data-element_type=\"widget\" data-e-type=\"widget\" data-settings=\"{&quot;layout&quot;:&quot;vertical&quot;,&quot;submenu_icon&quot;:{&quot;value&quot;:&quot;&lt;i class=\\&quot;fas fa-caret-down\\&quot; aria-hidden=\\&quot;true\\&quot;&gt;&lt;\\\/i&gt;&quot;,&quot;library&quot;:&quot;fa-solid&quot;},&quot;toggle&quot;:&quot;burger&quot;}\" data-widget_type=\"nav-menu.default\">\n\t\t\t\t<div class=\"elementor-widget-container\">\n\t\t\t\t\t\t\t\t<nav aria-label=\"Menu\" class=\"elementor-nav-menu--main elementor-nav-menu__container elementor-nav-menu--layout-vertical e--pointer-underline e--animation-fade\">\n\t\t\t\t<ul id=\"menu-1-7e52db3\" class=\"elementor-nav-menu sm-vertical\"><li class=\"menu-item menu-item-type-post_type menu-item-object-page menu-item-2748\"><a href=\"https:\/\/mesabuitrera.org\/index.php\/miembros\/comites-civicos-y-asociaciones\/comite-cultura\/\" class=\"elementor-item\">Comit\u00e9 Cultura &#8211; Delegado: Pascal Molineaux &#8211; Suplente: Janeth Sanabria<\/a><\/li>\n<li class=\"menu-item menu-item-type-post_type menu-item-object-page menu-item-2749\"><a href=\"https:\/\/mesabuitrera.org\/index.php\/comite-educacion\/\" class=\"elementor-item\">Comit\u00e9 Educaci\u00f3n<\/a><\/li>\n<li class=\"menu-item menu-item-type-post_type menu-item-object-page menu-item-2750\"><a href=\"https:\/\/mesabuitrera.org\/index.php\/miembros\/comites-civicos-y-asociaciones\/comite-ambiental\/\" class=\"elementor-item\">Comit\u00e9 Ambiental &#8211; Delegada: Maricruz Jaramillo &#8211; Suplente: Luz G\u00f3mez<\/a><\/li>\n<li class=\"menu-item menu-item-type-post_type menu-item-object-page menu-item-2751\"><a href=\"https:\/\/mesabuitrera.org\/index.php\/guaticomix\/\" class=\"elementor-item\">Guaticomix<\/a><\/li>\n<li class=\"menu-item menu-item-type-post_type menu-item-object-page menu-item-2752\"><a href=\"https:\/\/mesabuitrera.org\/index.php\/miembros\/instituciones-y-fundaciones\/fundacion-pro-organica\/\" class=\"elementor-item\">Fundaci\u00f3n Pro-Org\u00e1nica &#8211; Delegada: C. L. Mart\u00ednez   S: H. Dorado<\/a><\/li>\n<\/ul>\t\t\t<\/nav>\n\t\t\t\t\t<div class=\"elementor-menu-toggle\" role=\"button\" tabindex=\"0\" aria-label=\"Menu Toggle\" aria-expanded=\"false\">\n\t\t\t<i aria-hidden=\"true\" role=\"presentation\" class=\"elementor-menu-toggle__icon--open eicon-menu-bar\"><\/i><i aria-hidden=\"true\" role=\"presentation\" class=\"elementor-menu-toggle__icon--close eicon-close\"><\/i>\t\t<\/div>\n\t\t\t\t\t<nav class=\"elementor-nav-menu--dropdown elementor-nav-menu__container\" aria-hidden=\"true\">\n\t\t\t\t<ul id=\"menu-2-7e52db3\" class=\"elementor-nav-menu sm-vertical\"><li class=\"menu-item menu-item-type-post_type menu-item-object-page menu-item-2748\"><a href=\"https:\/\/mesabuitrera.org\/index.php\/miembros\/comites-civicos-y-asociaciones\/comite-cultura\/\" class=\"elementor-item\" tabindex=\"-1\">Comit\u00e9 Cultura &#8211; Delegado: Pascal Molineaux &#8211; Suplente: Janeth Sanabria<\/a><\/li>\n<li class=\"menu-item menu-item-type-post_type menu-item-object-page menu-item-2749\"><a href=\"https:\/\/mesabuitrera.org\/index.php\/comite-educacion\/\" class=\"elementor-item\" tabindex=\"-1\">Comit\u00e9 Educaci\u00f3n<\/a><\/li>\n<li class=\"menu-item menu-item-type-post_type menu-item-object-page menu-item-2750\"><a href=\"https:\/\/mesabuitrera.org\/index.php\/miembros\/comites-civicos-y-asociaciones\/comite-ambiental\/\" class=\"elementor-item\" tabindex=\"-1\">Comit\u00e9 Ambiental &#8211; Delegada: Maricruz Jaramillo &#8211; Suplente: Luz G\u00f3mez<\/a><\/li>\n<li class=\"menu-item menu-item-type-post_type menu-item-object-page menu-item-2751\"><a href=\"https:\/\/mesabuitrera.org\/index.php\/guaticomix\/\" class=\"elementor-item\" tabindex=\"-1\">Guaticomix<\/a><\/li>\n<li class=\"menu-item menu-item-type-post_type menu-item-object-page menu-item-2752\"><a href=\"https:\/\/mesabuitrera.org\/index.php\/miembros\/instituciones-y-fundaciones\/fundacion-pro-organica\/\" class=\"elementor-item\" tabindex=\"-1\">Fundaci\u00f3n Pro-Org\u00e1nica &#8211; Delegada: C. L. Mart\u00ednez   S: H. Dorado<\/a><\/li>\n<\/ul>\t\t\t<\/nav>\n\t\t\t\t\t\t<\/div>\n\t\t\t\t<\/div>\n\t\t\t\t\t<\/div>\n\t\t\t\t<\/div>\n\t\t\t\t<\/div>\n\t\t","protected":false},"excerpt":{"rendered":"<p>Fundaciones &#8211; Asociaciones Entidades establecidas en el corregimiento La Buitrera vinculadas a la MESA DE GOBERNANZA LA BUITRERA:<\/p>\n","protected":false},"author":1,"featured_media":0,"parent":0,"menu_order":0,"comment_status":"closed","ping_status":"closed","template":"","meta":{"_acf_changed":false,"om_disable_all_campaigns":false,"_monsterinsights_skip_tracking":false,"_monsterinsights_sitenote_active":false,"_monsterinsights_sitenote_note":"","_monsterinsights_sitenote_category":0,"footnotes":""},"class_list":["post-824","page","type-page","status-publish","hentry"],"acf":[],"aioseo_notices":[],"_links":{"self":[{"href":"https:\/\/mesabuitrera.org\/index.php\/wp-json\/wp\/v2\/pages\/824","targetHints":{"allow":["GET"]}}],"collection":[{"href":"https:\/\/mesabuitrera.org\/index.php\/wp-json\/wp\/v2\/pages"}],"about":[{"href":"https:\/\/mesabuitrera.org\/index.php\/wp-json\/wp\/v2\/types\/page"}],"author":[{"embeddable":true,"href":"https:\/\/mesabuitrera.org\/index.php\/wp-json\/wp\/v2\/users\/1"}],"replies":[{"embeddable":true,"href":"https:\/\/mesabuitrera.org\/index.php\/wp-json\/wp\/v2\/comments?post=824"}],"version-history":[{"count":94,"href":"https:\/\/mesabuitrera.org\/index.php\/wp-json\/wp\/v2\/pages\/824\/revisions"}],"predecessor-version":[{"id":2786,"href":"https:\/\/mesabuitrera.org\/index.php\/wp-json\/wp\/v2\/pages\/824\/revisions\/2786"}],"wp:attachment":[{"href":"https:\/\/mesabuitrera.org\/index.php\/wp-json\/wp\/v2\/media?parent=824"}],"curies":[{"name":"wp","href":"https:\/\/api.w.org\/{rel}","templated":true}]}}